{"id":966,"date":"2016-01-23T21:25:40","date_gmt":"2016-01-23T21:25:40","guid":{"rendered":"http:\/\/karin-rehnqvist.se\/eng\/?page_id=966"},"modified":"2016-01-31T00:50:09","modified_gmt":"2016-01-30T23:50:09","slug":"cd","status":"publish","type":"page","link":"https:\/\/karin-rehnqvist.se\/eng\/cd\/","title":{"rendered":"CD"},"content":{"rendered":"<h5 class=\"f-fp\"><\/h5>\n<p class=\"f-fp\"><strong>Buy Rehnqvist-music<span class=\"style227\">:<\/span><\/strong><a href=\"http:\/\/www.eclassical.com\/eclassic\/eclassical?&amp;x=0&amp;limit=0&amp;composer_id=260&amp;last_page=search%5fresults&amp;page=find%5fby%5fcomposer%5flist&amp;q=rehnqvist&amp;y=0&amp;composer=Karin%20Rehnqvist\" target=\"_blank\"><br \/>\n<\/a><a href=\"http:\/\/www.eclassical.com\/composers\/rehnqvist-karin\/\" target=\"_blank\">eClassical<\/a> &gt;<a href=\"http:\/\/www.eclassical.com\/eclassic\/eclassical?&amp;x=0&amp;limit=0&amp;composer_id=260&amp;last_page=search%5fresults&amp;page=find%5fby%5fcomposer%5flist&amp;q=rehnqvist&amp;y=0&amp;composer=Karin%20Rehnqvist\" target=\"_blank\"><br \/>\n<\/a><a href=\"https:\/\/itun.es\/se\/C4g8f\" target=\"_blank\">iTunes<\/a> &gt;<\/p>\n<hr \/>\n<h5 class=\"f-fp\"><img data-recalc-dims=\"1\" loading=\"lazy\" decoding=\"async\" data-attachment-id=\"1199\" data-permalink=\"https:\/\/karin-rehnqvist.se\/eng\/cd\/rehnqvist_live_booklet_omsl-2\/\" data-orig-file=\"https:\/\/i0.wp.com\/karin-rehnqvist.se\/eng\/wp-content\/uploads\/2016\/01\/Rehnqvist_Live_booklet_omsl.jpg?fit=709%2C709&amp;ssl=1\" data-orig-size=\"709,709\" data-comments-opened=\"0\" data-image-meta=\"{&quot;aperture&quot;:&quot;0&quot;,&quot;credit&quot;:&quot;&quot;,&quot;camera&quot;:&quot;&quot;,&quot;caption&quot;:&quot;&quot;,&quot;created_timestamp&quot;:&quot;0&quot;,&quot;copyright&quot;:&quot;&quot;,&quot;focal_length&quot;:&quot;0&quot;,&quot;iso&quot;:&quot;0&quot;,&quot;shutter_speed&quot;:&quot;0&quot;,&quot;title&quot;:&quot;&quot;,&quot;orientation&quot;:&quot;1&quot;}\" data-image-title=\"Rehnqvist_Live_booklet_omsl\" data-image-description=\"\" data-image-caption=\"\" data-large-file=\"https:\/\/i0.wp.com\/karin-rehnqvist.se\/eng\/wp-content\/uploads\/2016\/01\/Rehnqvist_Live_booklet_omsl.jpg?fit=640%2C640&amp;ssl=1\" class=\"alignleft size-thumbnail wp-image-1199\" src=\"https:\/\/i0.wp.com\/karin-rehnqvist.se\/eng\/wp-content\/uploads\/2016\/01\/Rehnqvist_Live_booklet_omsl-150x150.jpg?resize=150%2C150\" alt=\"Rehnqvist_Live_booklet_omsl\" width=\"150\" height=\"150\" srcset=\"https:\/\/i0.wp.com\/karin-rehnqvist.se\/eng\/wp-content\/uploads\/2016\/01\/Rehnqvist_Live_booklet_omsl.jpg?resize=150%2C150&amp;ssl=1 150w, https:\/\/i0.wp.com\/karin-rehnqvist.se\/eng\/wp-content\/uploads\/2016\/01\/Rehnqvist_Live_booklet_omsl.jpg?resize=400%2C400&amp;ssl=1 400w, https:\/\/i0.wp.com\/karin-rehnqvist.se\/eng\/wp-content\/uploads\/2016\/01\/Rehnqvist_Live_booklet_omsl.jpg?resize=1024%2C1024&amp;ssl=1 1024w, https:\/\/i0.wp.com\/karin-rehnqvist.se\/eng\/wp-content\/uploads\/2016\/01\/Rehnqvist_Live_booklet_omsl.jpg?resize=70%2C70&amp;ssl=1 70w, https:\/\/i0.wp.com\/karin-rehnqvist.se\/eng\/wp-content\/uploads\/2016\/01\/Rehnqvist_Live_booklet_omsl.jpg?w=709&amp;ssl=1 709w\" sizes=\"auto, (max-width: 150px) 100vw, 150px\" \/>LIVE! Karin Rehnqvist, Composer<\/h5>\n<p class=\"f-fp\"><span style=\"color: #800000;\"><strong>GRAMMIS Award 2014<\/strong><\/span> \u00a0| \u00a0Sterling Modern CD3002-2<\/p>\n<p class=\"f-fp\"><a href=\"http:\/\/karin-rehnqvist.se\/listen\/Rehnqvist_Ljus_av_ljus_mvt3_xtr.mp3\" target=\"_blank\">Light of Light\u00a0<\/a>\u00bb<a href=\"http:\/\/www.karin-rehnqvist.se\/listen\/TillAngeln_1_xtr.mp3\" target=\"_blank\"><br \/>\n<\/a>Adolf Fredriks Flickk\u00f6r, Sveriges Radios Symfoniorkester<\/p>\n<p><a href=\"http:\/\/karin-rehnqvist.se\/listen\/Quem_Chama_extr2.mp3\" target=\"_blank\">Quem chama. Vem ropar?<\/a>\u00a0\u00bb<br \/>\nMarie Axelsson, Johanna B\u00f6lja Hertzberg, Remix Ensemble<\/p>\n<p><a href=\"http:\/\/karin-rehnqvist.se\/listen\/SalveRegina_xtr.mp3\" target=\"_blank\">Salve Regina \u2013 himlarnas drottning<\/a>\u00a0\u00bb<br \/>\nNederlands Kamerkoor, Nieuw Ensemble<\/p>\n<p><a href=\"http:\/\/karin-rehnqvist.se\/listen\/Musik_till_den_sovande_xtr.mp3\" target=\"_blank\">Musik till den sovande<\/a>\u00a0\u00bb<br \/>\nOlle Persson, Per Johansson, Christiano Gualco, Paolo Andreoli, Bo H\u00e5kansson<\/p>\n<p><a href=\"http:\/\/karin-rehnqvist.se\/listen\/TillAngeln_mixed_xtr.mp3\" target=\"_blank\">Till \u00c4ngeln med de brinnande h\u00e4nderna\u00a0<\/a>\u00bb<br \/>\nSvenska Kammark\u00f6ren<\/p>\n<p><a href=\"http:\/\/karin-rehnqvist.se\/listen\/Rescue_Me_From_the_Mire_extr.mp3\" target=\"_blank\">R\u00e4dda mig ur dyn<\/a>\u00a0\u00bb<br \/>\nUlrika Bod\u00e9n, Geoff Landman, Either\/Or<\/p>\n<p class=\"f-lp\"><a href=\"http:\/\/karin-rehnqvist.se\/listen\/Hymn_xtr.mp3\" target=\"_blank\">Hymn<\/a>\u00a0\u00bb<br \/>\nJeanette K\u00f6hn, Gustaf Sj\u00f6kvists Kammrk\u00f6r, Storkyrkans k\u00f6r, Kungl Filharmoniska Orkestern<\/p>\n<hr \/>\n<h5 class=\"f-fp\"><img data-recalc-dims=\"1\" loading=\"lazy\" decoding=\"async\" data-attachment-id=\"1200\" data-permalink=\"https:\/\/karin-rehnqvist.se\/eng\/cd\/tillangeln_omslag\/\" data-orig-file=\"https:\/\/i0.wp.com\/karin-rehnqvist.se\/eng\/wp-content\/uploads\/2016\/01\/TillAngeln_omslag.jpg?fit=567%2C565&amp;ssl=1\" data-orig-size=\"567,565\" data-comments-opened=\"0\" data-image-meta=\"{&quot;aperture&quot;:&quot;0&quot;,&quot;credit&quot;:&quot;&quot;,&quot;camera&quot;:&quot;&quot;,&quot;caption&quot;:&quot;&quot;,&quot;created_timestamp&quot;:&quot;0&quot;,&quot;copyright&quot;:&quot;&quot;,&quot;focal_length&quot;:&quot;0&quot;,&quot;iso&quot;:&quot;0&quot;,&quot;shutter_speed&quot;:&quot;0&quot;,&quot;title&quot;:&quot;&quot;,&quot;orientation&quot;:&quot;1&quot;}\" data-image-title=\"TillAngeln_omslag\" data-image-description=\"\" data-image-caption=\"\" data-large-file=\"https:\/\/i0.wp.com\/karin-rehnqvist.se\/eng\/wp-content\/uploads\/2016\/01\/TillAngeln_omslag.jpg?fit=640%2C640&amp;ssl=1\" class=\"alignleft size-thumbnail wp-image-1200\" src=\"https:\/\/i0.wp.com\/karin-rehnqvist.se\/eng\/wp-content\/uploads\/2016\/01\/TillAngeln_omslag-150x150.jpg?resize=150%2C150\" alt=\"TillAngeln_omslag\" width=\"150\" height=\"150\" srcset=\"https:\/\/i0.wp.com\/karin-rehnqvist.se\/eng\/wp-content\/uploads\/2016\/01\/TillAngeln_omslag.jpg?resize=150%2C150&amp;ssl=1 150w, https:\/\/i0.wp.com\/karin-rehnqvist.se\/eng\/wp-content\/uploads\/2016\/01\/TillAngeln_omslag.jpg?resize=400%2C400&amp;ssl=1 400w, https:\/\/i0.wp.com\/karin-rehnqvist.se\/eng\/wp-content\/uploads\/2016\/01\/TillAngeln_omslag.jpg?resize=1024%2C1024&amp;ssl=1 1024w, https:\/\/i0.wp.com\/karin-rehnqvist.se\/eng\/wp-content\/uploads\/2016\/01\/TillAngeln_omslag.jpg?resize=70%2C70&amp;ssl=1 70w, https:\/\/i0.wp.com\/karin-rehnqvist.se\/eng\/wp-content\/uploads\/2016\/01\/TillAngeln_omslag.jpg?w=567&amp;ssl=1 567w\" sizes=\"auto, (max-width: 150px) 100vw, 150px\" \/>To the Angel with Fiery Hands<\/h5>\n<p class=\"f-fp\">Intim Musik IMCD 110<\/p>\n<p class=\"f-fp\"><a href=\"http:\/\/www.karin-rehnqvist.se\/listen\/TillAngeln_1_xtr.mp3\" target=\"_blank\">To the Angel with Fiery Hands \u00bb<br \/>\n<\/a>La Cappella, Backa Katarina Eriksson, oboe<\/p>\n<p><a href=\"http:\/\/www.karin-rehnqvist.se\/listen\/Triumf_xtr.mp3\" target=\"_blank\">A Triumph to Exist \u00bb<\/a><br \/>\nLa Cappella<\/p>\n<p class=\"style120\" lang=\"sv\"><a href=\"http:\/\/www.karin-rehnqvist.se\/listen\/Det_morknar_over_landet_sample.mp3\" target=\"_blank\">Dark falls across the country \u00bb<\/a><br \/>\nHelena Ek,\u00a0<span class=\"style203\" lang=\"sv\">sopr.<\/span>, Sara Lindloff, flute, B K Eriksson, oboe<\/p>\n<hr \/>\n<h5 class=\"f-fp\"><img data-recalc-dims=\"1\" loading=\"lazy\" decoding=\"async\" data-attachment-id=\"1201\" data-permalink=\"https:\/\/karin-rehnqvist.se\/eng\/cd\/arktis_cd-omsl\/\" data-orig-file=\"https:\/\/i0.wp.com\/karin-rehnqvist.se\/eng\/wp-content\/uploads\/2016\/01\/Arktis_cd-omsl.jpg?fit=450%2C450&amp;ssl=1\" data-orig-size=\"450,450\" data-comments-opened=\"0\" data-image-meta=\"{&quot;aperture&quot;:&quot;0&quot;,&quot;credit&quot;:&quot;&quot;,&quot;camera&quot;:&quot;&quot;,&quot;caption&quot;:&quot;&quot;,&quot;created_timestamp&quot;:&quot;0&quot;,&quot;copyright&quot;:&quot;&quot;,&quot;focal_length&quot;:&quot;0&quot;,&quot;iso&quot;:&quot;0&quot;,&quot;shutter_speed&quot;:&quot;0&quot;,&quot;title&quot;:&quot;&quot;,&quot;orientation&quot;:&quot;1&quot;}\" data-image-title=\"Arktis_cd-omsl\" data-image-description=\"\" data-image-caption=\"\" data-large-file=\"https:\/\/i0.wp.com\/karin-rehnqvist.se\/eng\/wp-content\/uploads\/2016\/01\/Arktis_cd-omsl.jpg?fit=640%2C640&amp;ssl=1\" class=\"alignleft size-thumbnail wp-image-1201\" src=\"https:\/\/i0.wp.com\/karin-rehnqvist.se\/eng\/wp-content\/uploads\/2016\/01\/Arktis_cd-omsl-150x150.jpg?resize=150%2C150\" alt=\"Arktis_cd-omsl\" width=\"150\" height=\"150\" srcset=\"https:\/\/i0.wp.com\/karin-rehnqvist.se\/eng\/wp-content\/uploads\/2016\/01\/Arktis_cd-omsl.jpg?resize=150%2C150&amp;ssl=1 150w, https:\/\/i0.wp.com\/karin-rehnqvist.se\/eng\/wp-content\/uploads\/2016\/01\/Arktis_cd-omsl.jpg?resize=400%2C400&amp;ssl=1 400w, https:\/\/i0.wp.com\/karin-rehnqvist.se\/eng\/wp-content\/uploads\/2016\/01\/Arktis_cd-omsl.jpg?resize=1024%2C1024&amp;ssl=1 1024w, https:\/\/i0.wp.com\/karin-rehnqvist.se\/eng\/wp-content\/uploads\/2016\/01\/Arktis_cd-omsl.jpg?resize=70%2C70&amp;ssl=1 70w, https:\/\/i0.wp.com\/karin-rehnqvist.se\/eng\/wp-content\/uploads\/2016\/01\/Arktis_cd-omsl.jpg?w=450&amp;ssl=1 450w\" sizes=\"auto, (max-width: 150px) 100vw, 150px\" \/>Arktis Arktis!<\/h5>\n<p class=\"f-fp\">BIS 1396<\/p>\n<p class=\"f-fp\"><a href=\"http:\/\/www.karin-rehnqvist.se\/listen\/DistantShore_4xtr.mp3\" target=\"_blank\">On A Distant Shore, movt. 4 \u00bb<\/a><\/p>\n<p>Martin Fr\u00f6st, clarinet. Svenska Kammarorkestern<\/p>\n<p><a href=\"http:\/\/www.karin-rehnqvist.se\/listen\/Beginning_6xtr.mp3\" target=\"_blank\">Beginning, movt. 1 \u00bb<\/a><br \/>\nKungsbacka Piano Trio<\/p>\n<p class=\"f-lp\"><a href=\"http:\/\/www.karin-rehnqvist.se\/listen\/ArktisArktis_9xtr.mp3\" target=\"_blank\">Arktis Arktis!, movt. 1 \u00bb<\/a><br \/>\nSvenska Kammarorkestern<\/p>\n<hr \/>\n<h5 class=\"f-fp\"><img data-recalc-dims=\"1\" loading=\"lazy\" decoding=\"async\" data-attachment-id=\"1203\" data-permalink=\"https:\/\/karin-rehnqvist.se\/eng\/cd\/davids-nimm_cd\/\" data-orig-file=\"https:\/\/i0.wp.com\/karin-rehnqvist.se\/eng\/wp-content\/uploads\/2016\/01\/davids-nimm_cd.jpg?fit=1448%2C1416&amp;ssl=1\" data-orig-size=\"1448,1416\" data-comments-opened=\"0\" data-image-meta=\"{&quot;aperture&quot;:&quot;0&quot;,&quot;credit&quot;:&quot;&quot;,&quot;camera&quot;:&quot;&quot;,&quot;caption&quot;:&quot;&quot;,&quot;created_timestamp&quot;:&quot;0&quot;,&quot;copyright&quot;:&quot;&quot;,&quot;focal_length&quot;:&quot;0&quot;,&quot;iso&quot;:&quot;0&quot;,&quot;shutter_speed&quot;:&quot;0&quot;,&quot;title&quot;:&quot;&quot;,&quot;orientation&quot;:&quot;0&quot;}\" data-image-title=\"davids nimm_cd\" data-image-description=\"\" data-image-caption=\"\" data-large-file=\"https:\/\/i0.wp.com\/karin-rehnqvist.se\/eng\/wp-content\/uploads\/2016\/01\/davids-nimm_cd.jpg?fit=640%2C640&amp;ssl=1\" class=\"alignleft size-thumbnail wp-image-1203\" src=\"https:\/\/i0.wp.com\/karin-rehnqvist.se\/eng\/wp-content\/uploads\/2016\/01\/davids-nimm_cd-150x150.jpg?resize=150%2C150\" alt=\"davids nimm_cd\" width=\"150\" height=\"150\" srcset=\"https:\/\/i0.wp.com\/karin-rehnqvist.se\/eng\/wp-content\/uploads\/2016\/01\/davids-nimm_cd.jpg?resize=150%2C150&amp;ssl=1 150w, https:\/\/i0.wp.com\/karin-rehnqvist.se\/eng\/wp-content\/uploads\/2016\/01\/davids-nimm_cd.jpg?resize=400%2C400&amp;ssl=1 400w, https:\/\/i0.wp.com\/karin-rehnqvist.se\/eng\/wp-content\/uploads\/2016\/01\/davids-nimm_cd.jpg?resize=1024%2C1024&amp;ssl=1 1024w, https:\/\/i0.wp.com\/karin-rehnqvist.se\/eng\/wp-content\/uploads\/2016\/01\/davids-nimm_cd.jpg?resize=70%2C70&amp;ssl=1 70w, https:\/\/i0.wp.com\/karin-rehnqvist.se\/eng\/wp-content\/uploads\/2016\/01\/davids-nimm_cd.jpg?zoom=2&amp;resize=150%2C150&amp;ssl=1 300w, https:\/\/i0.wp.com\/karin-rehnqvist.se\/eng\/wp-content\/uploads\/2016\/01\/davids-nimm_cd.jpg?zoom=3&amp;resize=150%2C150&amp;ssl=1 450w\" sizes=\"auto, (max-width: 150px) 100vw, 150px\" \/>Davids Nimm<\/h5>\n<p class=\"f-fp\">Phono Suecia PSCD 85, Frau Musica 001<\/p>\n<p class=\"f-fp\"><a href=\"http:\/\/www.karin-rehnqvist.se\/listen\/DavidsNimm_xtr.mp3\" target=\"_blank\">Davids nimm \u00bb<\/a><a href=\"http:\/\/www.karin-rehnqvist.se\/listen\/TaromirsTid_xtr.mp3\" target=\"_blank\"><br \/>\n<\/a>S Rosenberg, L Willemark, A Christensen, sopr.<\/p>\n<p><a href=\"http:\/\/www.karin-rehnqvist.se\/listen\/TaromirsTid_xtr.mp3\" target=\"_blank\">Time of Taromir \u00bb<\/a><br \/>\n\u00d6sterbottens kammarorkester<\/p>\n<p class=\"f-lp\"><a href=\"http:\/\/www.karin-rehnqvist.se\/listen\/Puksanger1_xtr.mp3\" target=\"_blank\">Timpanum Songs \u2013 Herding Calls \u00bb<\/a><br \/>\nL Willemark, S Rosenberg, sopr., Helena Gabrielsson, percussion<\/p>\n<hr \/>\n<h5 class=\"f-fp\"><img data-recalc-dims=\"1\" loading=\"lazy\" decoding=\"async\" data-attachment-id=\"921\" data-permalink=\"https:\/\/karin-rehnqvist.se\/eng\/cd\/solsangen_cd\/\" data-orig-file=\"https:\/\/i0.wp.com\/karin-rehnqvist.se\/eng\/wp-content\/uploads\/2016\/01\/sols%C3%A5ngen_cd.jpg?fit=954%2C933&amp;ssl=1\" data-orig-size=\"954,933\" data-comments-opened=\"0\" data-image-meta=\"{&quot;aperture&quot;:&quot;0&quot;,&quot;credit&quot;:&quot;&quot;,&quot;camera&quot;:&quot;FinePix Viewer Ver.1.0&quot;,&quot;caption&quot;:&quot;&quot;,&quot;created_timestamp&quot;:&quot;&quot;,&quot;copyright&quot;:&quot;&quot;,&quot;focal_length&quot;:&quot;0&quot;,&quot;iso&quot;:&quot;0&quot;,&quot;shutter_speed&quot;:&quot;0&quot;,&quot;title&quot;:&quot;&quot;,&quot;orientation&quot;:&quot;1&quot;}\" data-image-title=\"sols\u00e5ngen_cd\" data-image-description=\"\" data-image-caption=\"\" data-large-file=\"https:\/\/i0.wp.com\/karin-rehnqvist.se\/eng\/wp-content\/uploads\/2016\/01\/sols%C3%A5ngen_cd.jpg?fit=640%2C640&amp;ssl=1\" class=\"alignleft size-thumbnail wp-image-921\" src=\"https:\/\/i0.wp.com\/karin-rehnqvist.se\/eng\/wp-content\/uploads\/2016\/01\/sols%C3%A5ngen_cd-150x150.jpg?resize=150%2C150\" alt=\"sols\u00e5ngen_cd\" width=\"150\" height=\"150\" srcset=\"https:\/\/i0.wp.com\/karin-rehnqvist.se\/eng\/wp-content\/uploads\/2016\/01\/sols%C3%A5ngen_cd.jpg?resize=150%2C150&amp;ssl=1 150w, https:\/\/i0.wp.com\/karin-rehnqvist.se\/eng\/wp-content\/uploads\/2016\/01\/sols%C3%A5ngen_cd.jpg?resize=300%2C300&amp;ssl=1 300w, https:\/\/i0.wp.com\/karin-rehnqvist.se\/eng\/wp-content\/uploads\/2016\/01\/sols%C3%A5ngen_cd.jpg?resize=1024%2C1024&amp;ssl=1 1024w, https:\/\/i0.wp.com\/karin-rehnqvist.se\/eng\/wp-content\/uploads\/2016\/01\/sols%C3%A5ngen_cd.jpg?resize=70%2C70&amp;ssl=1 70w, https:\/\/i0.wp.com\/karin-rehnqvist.se\/eng\/wp-content\/uploads\/2016\/01\/sols%C3%A5ngen_cd.jpg?zoom=3&amp;resize=150%2C150&amp;ssl=1 450w\" sizes=\"auto, (max-width: 150px) 100vw, 150px\" \/>Sun Song \/ Sols\u00e5ngen<\/h5>\n<p class=\"f-fp\">BIS 966, Intim Musik IMCD 037<\/p>\n<p class=\"f-fp\"><a href=\"http:\/\/www.karin-rehnqvist.se\/listen\/Solsangen1_xtr.mp3\" target=\"_blank\">Sun Song I \u00bb<br \/>\n<\/a><span class=\"style214\"><a href=\"http:\/\/www.karin-rehnqvist.se\/listen\/Solsangen5_xtr.mp3\" target=\"_blank\">Sun Song III \u00bb<\/a><\/span><\/p>\n<p class=\"f-lp\">Lena Willemark, soprano.<br \/>\nNordiska Kammarorkestern<\/p>\n<hr \/>\n<h5 class=\"f-fp\"><img data-recalc-dims=\"1\" loading=\"lazy\" decoding=\"async\" data-attachment-id=\"1205\" data-permalink=\"https:\/\/karin-rehnqvist.se\/eng\/cd\/lockrufe_cd\/\" data-orig-file=\"https:\/\/i0.wp.com\/karin-rehnqvist.se\/eng\/wp-content\/uploads\/2016\/01\/lockrufe_cd.jpg?fit=933%2C933&amp;ssl=1\" data-orig-size=\"933,933\" data-comments-opened=\"0\" data-image-meta=\"{&quot;aperture&quot;:&quot;0&quot;,&quot;credit&quot;:&quot;&quot;,&quot;camera&quot;:&quot;FinePix Viewer Ver.1.0&quot;,&quot;caption&quot;:&quot;&quot;,&quot;created_timestamp&quot;:&quot;&quot;,&quot;copyright&quot;:&quot;&quot;,&quot;focal_length&quot;:&quot;0&quot;,&quot;iso&quot;:&quot;0&quot;,&quot;shutter_speed&quot;:&quot;0&quot;,&quot;title&quot;:&quot;&quot;,&quot;orientation&quot;:&quot;0&quot;}\" data-image-title=\"lockrufe_cd\" data-image-description=\"\" data-image-caption=\"\" data-large-file=\"https:\/\/i0.wp.com\/karin-rehnqvist.se\/eng\/wp-content\/uploads\/2016\/01\/lockrufe_cd.jpg?fit=640%2C640&amp;ssl=1\" class=\"alignleft size-thumbnail wp-image-1205\" src=\"https:\/\/i0.wp.com\/karin-rehnqvist.se\/eng\/wp-content\/uploads\/2016\/01\/lockrufe_cd-150x150.jpg?resize=150%2C150\" alt=\"lockrufe_cd\" width=\"150\" height=\"150\" srcset=\"https:\/\/i0.wp.com\/karin-rehnqvist.se\/eng\/wp-content\/uploads\/2016\/01\/lockrufe_cd.jpg?resize=150%2C150&amp;ssl=1 150w, https:\/\/i0.wp.com\/karin-rehnqvist.se\/eng\/wp-content\/uploads\/2016\/01\/lockrufe_cd.jpg?resize=400%2C400&amp;ssl=1 400w, https:\/\/i0.wp.com\/karin-rehnqvist.se\/eng\/wp-content\/uploads\/2016\/01\/lockrufe_cd.jpg?resize=1024%2C1024&amp;ssl=1 1024w, https:\/\/i0.wp.com\/karin-rehnqvist.se\/eng\/wp-content\/uploads\/2016\/01\/lockrufe_cd.jpg?resize=70%2C70&amp;ssl=1 70w, https:\/\/i0.wp.com\/karin-rehnqvist.se\/eng\/wp-content\/uploads\/2016\/01\/lockrufe_cd.jpg?w=933&amp;ssl=1 933w\" sizes=\"auto, (max-width: 150px) 100vw, 150px\" \/>Karin Rehnqvist \u2013 Lockrufe<\/h5>\n<p class=\"f-fp\">Frau Musica 002, ACCD-1017<\/p>\n<p class=\"f-fp\"><a href=\"http:\/\/www.karin-rehnqvist.se\/listen\/Wings_xtr.mp3\" target=\"_blank\">Wings \u00bb<\/a><\/p>\n<p>Camilla Hoitenga, flute<\/p>\n<p><a href=\"http:\/\/www.karin-rehnqvist.se\/listen\/Lod_xtr.mp3\" target=\"_blank\">Plummet \u00bb<\/a><\/p>\n<p class=\"f-lp\">Dorothee Oberlinger, tenor recorder, Stephan Rath, teorb, Elisabeth Wand, cello<\/p>\n<p class=\"f-lp\">\n","protected":false},"excerpt":{"rendered":"<p>Buy Rehnqvist-music: eClassical &gt; iTunes &gt; LIVE! Karin Rehnqvist, Composer GRAMMIS Award 2014 \u00a0| \u00a0Sterling Modern CD3002-2 Light of Light\u00a0\u00bb Adolf Fredriks Flickk\u00f6r, <\/p>\n","protected":false},"author":1,"featured_media":0,"parent":0,"menu_order":0,"comment_status":"closed","ping_status":"closed","template":"","meta":{"ngg_post_thumbnail":0,"jetpack_post_was_ever_published":false,"footnotes":""},"class_list":["post-966","page","type-page","status-publish","hentry"],"jetpack_sharing_enabled":true,"jetpack_shortlink":"https:\/\/wp.me\/P79arM-fA","jetpack-related-posts":[{"id":1044,"url":"https:\/\/karin-rehnqvist.se\/eng\/about-karin\/","url_meta":{"origin":966,"position":0},"title":"About Karin","author":"admin2","date":"January 27, 2016","format":false,"excerpt":"Independent Swedish composer Karin Rehnqvist writes startingly intense and immediately communicative music. It often evokes elemental forces and draws on vernacular traditions and modernist innovations by equal measure. \u00a0 More on following pages: Biography I begin in the depths of the water, says, Between the Angel and the Inchworm A\u2026","rel":"","context":"Similar post","block_context":{"text":"Similar post","link":""},"img":{"alt_text":"","src":"https:\/\/i0.wp.com\/karin-rehnqvist.se\/eng\/wp-content\/uploads\/2016\/01\/Karin_Rehnqvist_MillerTheatrebl%C3%A5-bakgr_del.png?fit=552%2C490&ssl=1&resize=350%2C200","width":350,"height":200,"srcset":"https:\/\/i0.wp.com\/karin-rehnqvist.se\/eng\/wp-content\/uploads\/2016\/01\/Karin_Rehnqvist_MillerTheatrebl%C3%A5-bakgr_del.png?fit=552%2C490&ssl=1&resize=350%2C200 1x, https:\/\/i0.wp.com\/karin-rehnqvist.se\/eng\/wp-content\/uploads\/2016\/01\/Karin_Rehnqvist_MillerTheatrebl%C3%A5-bakgr_del.png?fit=552%2C490&ssl=1&resize=525%2C300 1.5x"},"classes":[]},{"id":3599,"url":"https:\/\/karin-rehnqvist.se\/eng\/biography\/","url_meta":{"origin":966,"position":1},"title":"Biography","author":"Johan N\u00e4slund","date":"January 9, 2025","format":false,"excerpt":"Karin Rehnqvist was born in 1957 in Stockholm and grew up in the town of Nybro in southeast Sweden. At the Royal College of Music in Stockholm she studied music education from 1976, and then composition from 1980 to 1984. Her teachers included Gunnar Bucht, P\u00e4r Lindgren and Brian Ferneyhough.\u2026","rel":"","context":"Similar post","block_context":{"text":"Similar post","link":""},"img":{"alt_text":"","src":"https:\/\/i0.wp.com\/karin-rehnqvist.se\/eng\/wp-content\/uploads\/2025\/01\/KarinRehnqvist087_3-1.jpg?resize=350%2C200&ssl=1","width":350,"height":200},"classes":[]},{"id":2221,"url":"https:\/\/karin-rehnqvist.se\/eng\/listen-to-the-music\/","url_meta":{"origin":966,"position":2},"title":"Listen to the music","author":"admin2","date":"September 21, 2021","format":false,"excerpt":"Salve ReginaNederlands Kamerkoor, Nieuw Ensemble, Ed Spanjaard, conductor\u201dLIVE\u201d Karin Rehnqvist, Composer [Sterling Modern CD3002-2] Sun Song\/ Sols\u00e5ngenLena Willemark, soprano.\u00a0Nordic Chamber Orchestra, Niklas Will\u00e9n, conductor[BIS 966, Intim Musik IMCD 037] \u00a0Preludes for a large orchestra,\u00a0met 2Royal Philharmonic Orchestra Stockholm,\u00a0Niklas Will\u00e9n, conductor When I close my eyes, I dream of peaceSchola Cantorum,\u2026","rel":"","context":"Similar post","block_context":{"text":"Similar post","link":""},"img":{"alt_text":"KR-cd_Live_omslag","src":"https:\/\/i0.wp.com\/karin-rehnqvist.se\/wp-content\/uploads\/KR-cd_Live_omslag-150x150.jpg?resize=350%2C200","width":350,"height":200},"classes":[]},{"id":1354,"url":"https:\/\/karin-rehnqvist.se\/eng\/spring-2017\/","url_meta":{"origin":966,"position":3},"title":"Spring 2017","author":"admin2","date":"December 8, 2016","format":false,"excerpt":"21 January\u00a02017 Nio n\u00e4tter\/ Nine nights\u00a0\u2013\u00a0Premiere Text: Ger\u2202ur Kristn\u00fd Lena Willemark, ensemble recherche Festival Ultraschall, Berlin More on the festival's web page \u203a 26 January\u00a02017 Inauguration of the the new campus of Royal College of Music, Stockholm H\u00e4r \u00e4r musiken!\/ Here's the music! \u00a0\u2013 a\u00a0happening from\u00a0the\u00a0foyer to the\u00a0concert hall\u00a0\u2013 Premiere\u2026","rel":"","context":"Similar post","block_context":{"text":"Similar post","link":""},"img":{"alt_text":"","src":"https:\/\/i0.wp.com\/karin-rehnqvist.se\/eng\/wp-content\/uploads\/2016\/12\/noterpappersbakgr1.jpg?fit=1200%2C617&ssl=1&resize=350%2C200","width":350,"height":200,"srcset":"https:\/\/i0.wp.com\/karin-rehnqvist.se\/eng\/wp-content\/uploads\/2016\/12\/noterpappersbakgr1.jpg?fit=1200%2C617&ssl=1&resize=350%2C200 1x, https:\/\/i0.wp.com\/karin-rehnqvist.se\/eng\/wp-content\/uploads\/2016\/12\/noterpappersbakgr1.jpg?fit=1200%2C617&ssl=1&resize=525%2C300 1.5x, https:\/\/i0.wp.com\/karin-rehnqvist.se\/eng\/wp-content\/uploads\/2016\/12\/noterpappersbakgr1.jpg?fit=1200%2C617&ssl=1&resize=700%2C400 2x, https:\/\/i0.wp.com\/karin-rehnqvist.se\/eng\/wp-content\/uploads\/2016\/12\/noterpappersbakgr1.jpg?fit=1200%2C617&ssl=1&resize=1050%2C600 3x"},"classes":[]},{"id":3773,"url":"https:\/\/karin-rehnqvist.se\/eng\/universe\/","url_meta":{"origin":966,"position":4},"title":"Universe","author":"Johan N\u00e4slund","date":"March 12, 2025","format":false,"excerpt":"Universe, for mixed choir A short piece on a huge theme Text and music by Karin Rehnqvist (2022) Duration 2 min Carus Verlag Text: Universe Two hundred billion trillion stars My mind reels, my head swims, I feel dizzy. Two thousand billion galaxies - Two trillion galaxies! Meteoroids, asteroids, comets,\u2026","rel":"","context":"Similar post","block_context":{"text":"Similar post","link":""},"img":{"alt_text":"","src":"https:\/\/i0.wp.com\/karin-rehnqvist.se\/eng\/wp-content\/uploads\/2021\/09\/programme-note_cirkel_4A.png?fit=576%2C358&ssl=1&resize=350%2C200","width":350,"height":200,"srcset":"https:\/\/i0.wp.com\/karin-rehnqvist.se\/eng\/wp-content\/uploads\/2021\/09\/programme-note_cirkel_4A.png?fit=576%2C358&ssl=1&resize=350%2C200 1x, https:\/\/i0.wp.com\/karin-rehnqvist.se\/eng\/wp-content\/uploads\/2021\/09\/programme-note_cirkel_4A.png?fit=576%2C358&ssl=1&resize=525%2C300 1.5x"},"classes":[]},{"id":1670,"url":"https:\/\/karin-rehnqvist.se\/eng\/autumn-2018\/","url_meta":{"origin":966,"position":5},"title":"Autumn 2018","author":"admin2","date":"October 13, 2018","format":false,"excerpt":"10 August, 2018 Day is here! \u2013 for eight voices and strings \u2013 Premiere Musica Vitae, Vokalharmonin, cond. Fredrik Malmberg V\u00e4stervik Chamber Music Festival Listen \u203a 29 September, 2018 Haya!:\u00a0song to the joy of day for mixed double choir a cappella F\u00f6reningen Svenska Tons\u00e4ttare\/ Swedish Society of Composers, 100 years\u2026","rel":"","context":"Similar post","block_context":{"text":"Similar post","link":""},"img":{"alt_text":"","src":"https:\/\/i0.wp.com\/karin-rehnqvist.se\/eng\/wp-content\/uploads\/2018\/10\/KR_biografi.png?resize=350%2C200","width":350,"height":200},"classes":[]}],"_links":{"self":[{"href":"https:\/\/karin-rehnqvist.se\/eng\/wp-json\/wp\/v2\/pages\/966","targetHints":{"allow":["GET"]}}],"collection":[{"href":"https:\/\/karin-rehnqvist.se\/eng\/wp-json\/wp\/v2\/pages"}],"about":[{"href":"https:\/\/karin-rehnqvist.se\/eng\/wp-json\/wp\/v2\/types\/page"}],"author":[{"embeddable":true,"href":"https:\/\/karin-rehnqvist.se\/eng\/wp-json\/wp\/v2\/users\/1"}],"replies":[{"embeddable":true,"href":"https:\/\/karin-rehnqvist.se\/eng\/wp-json\/wp\/v2\/comments?post=966"}],"version-history":[{"count":10,"href":"https:\/\/karin-rehnqvist.se\/eng\/wp-json\/wp\/v2\/pages\/966\/revisions"}],"predecessor-version":[{"id":1212,"href":"https:\/\/karin-rehnqvist.se\/eng\/wp-json\/wp\/v2\/pages\/966\/revisions\/1212"}],"wp:attachment":[{"href":"https:\/\/karin-rehnqvist.se\/eng\/wp-json\/wp\/v2\/media?parent=966"}],"curies":[{"name":"wp","href":"https:\/\/api.w.org\/{rel}","templated":true}]}}