{"id":960,"date":"2016-01-23T21:24:35","date_gmt":"2016-01-23T21:24:35","guid":{"rendered":"http:\/\/karin-rehnqvist.se\/eng\/?page_id=960"},"modified":"2024-06-03T09:28:39","modified_gmt":"2024-06-03T08:28:39","slug":"works","status":"publish","type":"page","link":"https:\/\/karin-rehnqvist.se\/eng\/works\/","title":{"rendered":"Works"},"content":{"rendered":"<div class='pt-cv-wrapper'> <h3 class='pt-cv-heading-container heading1' data-blockid='eb46f7j0'><span class='pt-cv-heading'> Grid <\/span><\/h3><div class=\"pt-cv-view pt-cv-blockgrid iscvblock iscvreal grid1 layout1\" id=\"pt-cv-view-eb46f7j0\"><div data-id=\"pt-cv-page-1\" class=\"pt-cv-page\" data-cvc=\"3\"><div class=\" pt-cv-content-item pt-cv-1-col\" ><div class=\"pt-cv-thumb-wrapper  \"><a href=\"https:\/\/karin-rehnqvist.se\/eng\/chamber-music\/\" class=\"_blank pt-cv-href-thumbnail pt-cv-thumb-default\" target=\"_blank\" ><img loading=\"lazy\" decoding=\"async\" width=\"768\" height=\"562\" src=\"https:\/\/i0.wp.com\/karin-rehnqvist.se\/eng\/wp-content\/uploads\/2015\/06\/KR-noter_chamber.jpg?fit=768%2C562&amp;ssl=1\" class=\"pt-cv-thumbnail\" alt=\"\" data-attachment-id=\"644\" data-permalink=\"https:\/\/karin-rehnqvist.se\/eng\/kr-noter_chamber\/\" data-orig-file=\"https:\/\/i0.wp.com\/karin-rehnqvist.se\/eng\/wp-content\/uploads\/2015\/06\/KR-noter_chamber.jpg?fit=900%2C659&amp;ssl=1\" data-orig-size=\"900,659\" data-comments-opened=\"0\" data-image-meta=\"{&quot;aperture&quot;:&quot;4&quot;,&quot;credit&quot;:&quot;&quot;,&quot;camera&quot;:&quot;DSC-F828&quot;,&quot;caption&quot;:&quot;&quot;,&quot;created_timestamp&quot;:&quot;1082990469&quot;,&quot;copyright&quot;:&quot;&quot;,&quot;focal_length&quot;:&quot;7.1&quot;,&quot;iso&quot;:&quot;64&quot;,&quot;shutter_speed&quot;:&quot;0.016666666666667&quot;,&quot;title&quot;:&quot;&quot;,&quot;orientation&quot;:&quot;1&quot;}\" data-image-title=\"KR-noter_chamber\" data-image-description=\"\" data-image-caption=\"\" data-large-file=\"https:\/\/i0.wp.com\/karin-rehnqvist.se\/eng\/wp-content\/uploads\/2015\/06\/KR-noter_chamber.jpg?fit=640%2C640&amp;ssl=1\" \/><\/a><\/div>\n<div class=\"pt-cv-taxoterm above_title\"><a href='https:\/\/karin-rehnqvist.se\/eng\/category\/complete-worklist\/chamber-music\/' title='Chamber music' class='pt-cv-tax-chamber-music'>Chamber music<\/a><a href='https:\/\/karin-rehnqvist.se\/eng\/category\/complete-worklist\/' title='Complete worklist' class='pt-cv-tax-complete-worklist'>Complete worklist<\/a><\/div>\n<h4 class=\"pt-cv-title\"><a href=\"https:\/\/karin-rehnqvist.se\/eng\/chamber-music\/\" class=\"_blank\" target=\"_blank\" >Chamber music<\/a><\/h4>\n<div class=\"pt-cv-content\">\u2026and so the day ends (1994\/2024), 5&#8242; for saxophone quartet Composed for the Stockholm Saxophone Quartet Gehrmans Programme note | &#8230;<\/div>\n<div class=\"pt-cv-rmwrap\"><a href=\"https:\/\/karin-rehnqvist.se\/eng\/chamber-music\/\" class=\"_blank pt-cv-readmore btn btn-success\" target=\"_blank\" >Read More<\/a><\/div><\/div>\n<div class=\" pt-cv-content-item pt-cv-1-col\" ><div class=\"pt-cv-thumb-wrapper  \"><a href=\"https:\/\/karin-rehnqvist.se\/eng\/chamber-music-voicevoices\/\" class=\"_blank pt-cv-href-thumbnail pt-cv-thumb-default\" target=\"_blank\" ><img loading=\"lazy\" decoding=\"async\" width=\"768\" height=\"562\" src=\"https:\/\/i0.wp.com\/karin-rehnqvist.se\/eng\/wp-content\/uploads\/2015\/06\/KR-noter_chamber-voice.jpg?fit=768%2C562&amp;ssl=1\" class=\"pt-cv-thumbnail\" alt=\"\" data-attachment-id=\"646\" data-permalink=\"https:\/\/karin-rehnqvist.se\/eng\/kr-noter_chamber-voice\/\" data-orig-file=\"https:\/\/i0.wp.com\/karin-rehnqvist.se\/eng\/wp-content\/uploads\/2015\/06\/KR-noter_chamber-voice.jpg?fit=900%2C659&amp;ssl=1\" data-orig-size=\"900,659\" data-comments-opened=\"0\" data-image-meta=\"{&quot;aperture&quot;:&quot;4&quot;,&quot;credit&quot;:&quot;&quot;,&quot;camera&quot;:&quot;DSC-F828&quot;,&quot;caption&quot;:&quot;&quot;,&quot;created_timestamp&quot;:&quot;1082990469&quot;,&quot;copyright&quot;:&quot;&quot;,&quot;focal_length&quot;:&quot;7.1&quot;,&quot;iso&quot;:&quot;64&quot;,&quot;shutter_speed&quot;:&quot;0.016666666666667&quot;,&quot;title&quot;:&quot;&quot;,&quot;orientation&quot;:&quot;1&quot;}\" data-image-title=\"KR-noter_chamber-voice\" data-image-description=\"\" data-image-caption=\"\" data-large-file=\"https:\/\/i0.wp.com\/karin-rehnqvist.se\/eng\/wp-content\/uploads\/2015\/06\/KR-noter_chamber-voice.jpg?fit=640%2C640&amp;ssl=1\" \/><\/a><\/div>\n<div class=\"pt-cv-taxoterm above_title\"><a href='https:\/\/karin-rehnqvist.se\/eng\/category\/complete-worklist\/chamber-music-voice\/' title='Chamber music &amp; voice' class='pt-cv-tax-chamber-music-voice'>Chamber music &amp; voice<\/a><a href='https:\/\/karin-rehnqvist.se\/eng\/category\/complete-worklist\/' title='Complete worklist' class='pt-cv-tax-complete-worklist'>Complete worklist<\/a><\/div>\n<h4 class=\"pt-cv-title\"><a href=\"https:\/\/karin-rehnqvist.se\/eng\/chamber-music-voicevoices\/\" class=\"_blank\" target=\"_blank\" >Chamber music &#038; voice\/voices<\/a><\/h4>\n<div class=\"pt-cv-content\">THE DREAM (2022) for Mezzo-soprano\/ Alto and Cello 12\u2019 Text Rosa Taikon Dedicated to Unni L\u00f8vlid and Marianne Baudouin Lie &#8230;<\/div>\n<div class=\"pt-cv-rmwrap\"><a href=\"https:\/\/karin-rehnqvist.se\/eng\/chamber-music-voicevoices\/\" class=\"_blank pt-cv-readmore btn btn-success\" target=\"_blank\" >Read More<\/a><\/div><\/div>\n<div class=\" pt-cv-content-item pt-cv-1-col\" ><div class=\"pt-cv-thumb-wrapper  \"><a href=\"https:\/\/karin-rehnqvist.se\/eng\/chorus-orchestra\/\" class=\"_blank pt-cv-href-thumbnail pt-cv-thumb-default\" target=\"_blank\" ><img loading=\"lazy\" decoding=\"async\" width=\"768\" height=\"562\" src=\"https:\/\/i0.wp.com\/karin-rehnqvist.se\/eng\/wp-content\/uploads\/2015\/06\/KR-noter_choir-orch.jpg?fit=768%2C562&amp;ssl=1\" class=\"pt-cv-thumbnail\" alt=\"\" data-attachment-id=\"648\" data-permalink=\"https:\/\/karin-rehnqvist.se\/eng\/kr-noter_choirorch\/\" data-orig-file=\"https:\/\/i0.wp.com\/karin-rehnqvist.se\/eng\/wp-content\/uploads\/2015\/06\/KR-noter_choir-orch.jpg?fit=900%2C659&amp;ssl=1\" data-orig-size=\"900,659\" data-comments-opened=\"0\" data-image-meta=\"{&quot;aperture&quot;:&quot;4&quot;,&quot;credit&quot;:&quot;&quot;,&quot;camera&quot;:&quot;DSC-F828&quot;,&quot;caption&quot;:&quot;&quot;,&quot;created_timestamp&quot;:&quot;1082990469&quot;,&quot;copyright&quot;:&quot;&quot;,&quot;focal_length&quot;:&quot;7.1&quot;,&quot;iso&quot;:&quot;64&quot;,&quot;shutter_speed&quot;:&quot;0.016666666666667&quot;,&quot;title&quot;:&quot;&quot;,&quot;orientation&quot;:&quot;1&quot;}\" data-image-title=\"KR-noter_choir+orch\" data-image-description=\"\" data-image-caption=\"\" data-large-file=\"https:\/\/i0.wp.com\/karin-rehnqvist.se\/eng\/wp-content\/uploads\/2015\/06\/KR-noter_choir-orch.jpg?fit=640%2C640&amp;ssl=1\" \/><\/a><\/div>\n<div class=\"pt-cv-taxoterm above_title\"><a href='https:\/\/karin-rehnqvist.se\/eng\/category\/complete-worklist\/chorus-orchestra\/' title='Chorus &amp; orchestra' class='pt-cv-tax-chorus-orchestra'>Chorus &amp; orchestra<\/a><a href='https:\/\/karin-rehnqvist.se\/eng\/category\/complete-worklist\/' title='Complete worklist' class='pt-cv-tax-complete-worklist'>Complete worklist<\/a><\/div>\n<h4 class=\"pt-cv-title\"><a href=\"https:\/\/karin-rehnqvist.se\/eng\/chorus-orchestra\/\" class=\"_blank\" target=\"_blank\" >Chorus &#038; orchestra<\/a><\/h4>\n<div class=\"pt-cv-content\">DAY IS HERE (2018)for eight solo-voices\/double choir and strings (3, 3, 2, 2, 1). 20\u2032Commissioned by Musica Vitae and Vokalharmonin &#8230;<\/div>\n<div class=\"pt-cv-rmwrap\"><a href=\"https:\/\/karin-rehnqvist.se\/eng\/chorus-orchestra\/\" class=\"_blank pt-cv-readmore btn btn-success\" target=\"_blank\" >Read More<\/a><\/div><\/div>\n<div class=\" pt-cv-content-item pt-cv-1-col\" ><div class=\"pt-cv-thumb-wrapper  \"><a href=\"https:\/\/karin-rehnqvist.se\/eng\/film-music-electroacoustic\/\" class=\"_blank pt-cv-href-thumbnail pt-cv-thumb-default\" target=\"_blank\" ><img loading=\"lazy\" decoding=\"async\" width=\"768\" height=\"562\" src=\"https:\/\/i0.wp.com\/karin-rehnqvist.se\/eng\/wp-content\/uploads\/2015\/06\/KR-noter_eam.jpg?fit=768%2C562&amp;ssl=1\" class=\"pt-cv-thumbnail\" alt=\"\" data-attachment-id=\"642\" data-permalink=\"https:\/\/karin-rehnqvist.se\/eng\/kr-noter_eam\/\" data-orig-file=\"https:\/\/i0.wp.com\/karin-rehnqvist.se\/eng\/wp-content\/uploads\/2015\/06\/KR-noter_eam.jpg?fit=900%2C659&amp;ssl=1\" data-orig-size=\"900,659\" data-comments-opened=\"0\" data-image-meta=\"{&quot;aperture&quot;:&quot;4&quot;,&quot;credit&quot;:&quot;&quot;,&quot;camera&quot;:&quot;DSC-F828&quot;,&quot;caption&quot;:&quot;&quot;,&quot;created_timestamp&quot;:&quot;1082990469&quot;,&quot;copyright&quot;:&quot;&quot;,&quot;focal_length&quot;:&quot;7.1&quot;,&quot;iso&quot;:&quot;64&quot;,&quot;shutter_speed&quot;:&quot;0.016666666666667&quot;,&quot;title&quot;:&quot;&quot;,&quot;orientation&quot;:&quot;1&quot;}\" data-image-title=\"KR-noter_eam\" data-image-description=\"\" data-image-caption=\"\" data-large-file=\"https:\/\/i0.wp.com\/karin-rehnqvist.se\/eng\/wp-content\/uploads\/2015\/06\/KR-noter_eam.jpg?fit=640%2C640&amp;ssl=1\" \/><\/a><\/div>\n<div class=\"pt-cv-taxoterm above_title\"><a href='https:\/\/karin-rehnqvist.se\/eng\/category\/complete-worklist\/' title='Complete worklist' class='pt-cv-tax-complete-worklist'>Complete worklist<\/a><a href='https:\/\/karin-rehnqvist.se\/eng\/category\/complete-worklist\/film-music-electroacoustic\/' title='Film music, Electroacoustic' class='pt-cv-tax-film-music-electroacoustic'>Film music, Electroacoustic<\/a><\/div>\n<h4 class=\"pt-cv-title\"><a href=\"https:\/\/karin-rehnqvist.se\/eng\/film-music-electroacoustic\/\" class=\"_blank\" target=\"_blank\" >Film music, Electroacoustic<\/a><\/h4>\n<div class=\"pt-cv-content\">ALFRED (1995) the film about Alfred Nobel, directed by Vilgot Sj\u00f6man Comp. R\u00c5KAR \/Driven ice (1983) Stage music ballet. Svensk &#8230;<\/div>\n<div class=\"pt-cv-rmwrap\"><a href=\"https:\/\/karin-rehnqvist.se\/eng\/film-music-electroacoustic\/\" class=\"_blank pt-cv-readmore btn btn-success\" target=\"_blank\" >Read More<\/a><\/div><\/div>\n<div class=\" pt-cv-content-item pt-cv-1-col\" ><div class=\"pt-cv-thumb-wrapper  \"><a href=\"https:\/\/karin-rehnqvist.se\/eng\/large-ensemble\/\" class=\"_blank pt-cv-href-thumbnail pt-cv-thumb-default\" target=\"_blank\" ><img loading=\"lazy\" decoding=\"async\" width=\"768\" height=\"562\" src=\"https:\/\/i0.wp.com\/karin-rehnqvist.se\/eng\/wp-content\/uploads\/2015\/06\/KR-noter_ensemble.jpg?fit=768%2C562&amp;ssl=1\" class=\"pt-cv-thumbnail\" alt=\"\" data-attachment-id=\"664\" data-permalink=\"https:\/\/karin-rehnqvist.se\/eng\/kr-noter_ensemble\/\" data-orig-file=\"https:\/\/i0.wp.com\/karin-rehnqvist.se\/eng\/wp-content\/uploads\/2015\/06\/KR-noter_ensemble.jpg?fit=900%2C659&amp;ssl=1\" data-orig-size=\"900,659\" data-comments-opened=\"0\" data-image-meta=\"{&quot;aperture&quot;:&quot;4&quot;,&quot;credit&quot;:&quot;&quot;,&quot;camera&quot;:&quot;DSC-F828&quot;,&quot;caption&quot;:&quot;&quot;,&quot;created_timestamp&quot;:&quot;1082990469&quot;,&quot;copyright&quot;:&quot;&quot;,&quot;focal_length&quot;:&quot;7.1&quot;,&quot;iso&quot;:&quot;64&quot;,&quot;shutter_speed&quot;:&quot;0.016666666666667&quot;,&quot;title&quot;:&quot;&quot;,&quot;orientation&quot;:&quot;1&quot;}\" data-image-title=\"KR-noter_ensemble\" data-image-description=\"\" data-image-caption=\"\" data-large-file=\"https:\/\/i0.wp.com\/karin-rehnqvist.se\/eng\/wp-content\/uploads\/2015\/06\/KR-noter_ensemble.jpg?fit=640%2C640&amp;ssl=1\" \/><\/a><\/div>\n<div class=\"pt-cv-taxoterm above_title\"><a href='https:\/\/karin-rehnqvist.se\/eng\/category\/complete-worklist\/' title='Complete worklist' class='pt-cv-tax-complete-worklist'>Complete worklist<\/a><a href='https:\/\/karin-rehnqvist.se\/eng\/category\/complete-worklist\/large-ensemble\/' title='Large ensemble' class='pt-cv-tax-large-ensemble'>Large ensemble<\/a><\/div>\n<h4 class=\"pt-cv-title\"><a href=\"https:\/\/karin-rehnqvist.se\/eng\/large-ensemble\/\" class=\"_blank\" target=\"_blank\" >Large ensemble<\/a><\/h4>\n<div class=\"pt-cv-content\">NIGHT CHANT, (Musik i natten) (2020) for seven instruments: a fl., b cl., perc., pi., vln., vla., vc., 11&#8242;. Commissioned &#8230;<\/div>\n<div class=\"pt-cv-rmwrap\"><a href=\"https:\/\/karin-rehnqvist.se\/eng\/large-ensemble\/\" class=\"_blank pt-cv-readmore btn btn-success\" target=\"_blank\" >Read More<\/a><\/div><\/div>\n<div class=\" pt-cv-content-item pt-cv-1-col\" ><div class=\"pt-cv-thumb-wrapper  \"><a href=\"https:\/\/karin-rehnqvist.se\/eng\/large-ensemble-voice\/\" class=\"_blank pt-cv-href-thumbnail pt-cv-thumb-default\" target=\"_blank\" ><img loading=\"lazy\" decoding=\"async\" width=\"768\" height=\"562\" src=\"https:\/\/i0.wp.com\/karin-rehnqvist.se\/eng\/wp-content\/uploads\/2015\/06\/KR-noter_ensemble-voice.jpg?fit=768%2C562&amp;ssl=1\" class=\"pt-cv-thumbnail\" alt=\"\" data-attachment-id=\"666\" data-permalink=\"https:\/\/karin-rehnqvist.se\/eng\/kr-noter_ensemblevoice\/\" data-orig-file=\"https:\/\/i0.wp.com\/karin-rehnqvist.se\/eng\/wp-content\/uploads\/2015\/06\/KR-noter_ensemble-voice.jpg?fit=900%2C659&amp;ssl=1\" data-orig-size=\"900,659\" data-comments-opened=\"0\" data-image-meta=\"{&quot;aperture&quot;:&quot;4&quot;,&quot;credit&quot;:&quot;&quot;,&quot;camera&quot;:&quot;DSC-F828&quot;,&quot;caption&quot;:&quot;&quot;,&quot;created_timestamp&quot;:&quot;1082990469&quot;,&quot;copyright&quot;:&quot;&quot;,&quot;focal_length&quot;:&quot;7.1&quot;,&quot;iso&quot;:&quot;64&quot;,&quot;shutter_speed&quot;:&quot;0.016666666666667&quot;,&quot;title&quot;:&quot;&quot;,&quot;orientation&quot;:&quot;1&quot;}\" data-image-title=\"KR-noter_ensemble+voice\" data-image-description=\"\" data-image-caption=\"\" data-large-file=\"https:\/\/i0.wp.com\/karin-rehnqvist.se\/eng\/wp-content\/uploads\/2015\/06\/KR-noter_ensemble-voice.jpg?fit=640%2C640&amp;ssl=1\" \/><\/a><\/div>\n<div class=\"pt-cv-taxoterm above_title\"><a href='https:\/\/karin-rehnqvist.se\/eng\/category\/complete-worklist\/' title='Complete worklist' class='pt-cv-tax-complete-worklist'>Complete worklist<\/a><a href='https:\/\/karin-rehnqvist.se\/eng\/category\/complete-worklist\/large-ensemble-voice\/' title='Large ensemble &amp; voice' class='pt-cv-tax-large-ensemble-voice'>Large ensemble &amp; voice<\/a><\/div>\n<h4 class=\"pt-cv-title\"><a href=\"https:\/\/karin-rehnqvist.se\/eng\/large-ensemble-voice\/\" class=\"_blank\" target=\"_blank\" >Large ensemble &#038; voice<\/a><\/h4>\n<div class=\"pt-cv-content\">DAY IS HERE (2018) for eight solo-voices\/double choir and strings (3, 3, 2, 2, 1). 20\u2032 Commissioned by Musica Vitae &#8230;<\/div>\n<div class=\"pt-cv-rmwrap\"><a href=\"https:\/\/karin-rehnqvist.se\/eng\/large-ensemble-voice\/\" class=\"_blank pt-cv-readmore btn btn-success\" target=\"_blank\" >Read More<\/a><\/div><\/div>\n<div class=\" pt-cv-content-item pt-cv-1-col\" ><div class=\"pt-cv-thumb-wrapper  \"><a href=\"https:\/\/karin-rehnqvist.se\/eng\/male-chorus\/\" class=\"_blank pt-cv-href-thumbnail pt-cv-thumb-default\" target=\"_blank\" ><img loading=\"lazy\" decoding=\"async\" width=\"768\" height=\"562\" src=\"https:\/\/i0.wp.com\/karin-rehnqvist.se\/eng\/wp-content\/uploads\/2015\/06\/KR-noter_choir.jpg?fit=768%2C562&amp;ssl=1\" class=\"pt-cv-thumbnail\" alt=\"\" data-attachment-id=\"637\" data-permalink=\"https:\/\/karin-rehnqvist.se\/eng\/kr-noter_choir\/\" data-orig-file=\"https:\/\/i0.wp.com\/karin-rehnqvist.se\/eng\/wp-content\/uploads\/2015\/06\/KR-noter_choir.jpg?fit=900%2C659&amp;ssl=1\" data-orig-size=\"900,659\" data-comments-opened=\"0\" data-image-meta=\"{&quot;aperture&quot;:&quot;4&quot;,&quot;credit&quot;:&quot;&quot;,&quot;camera&quot;:&quot;DSC-F828&quot;,&quot;caption&quot;:&quot;&quot;,&quot;created_timestamp&quot;:&quot;1082990469&quot;,&quot;copyright&quot;:&quot;&quot;,&quot;focal_length&quot;:&quot;7.1&quot;,&quot;iso&quot;:&quot;64&quot;,&quot;shutter_speed&quot;:&quot;0.016666666666667&quot;,&quot;title&quot;:&quot;&quot;,&quot;orientation&quot;:&quot;1&quot;}\" data-image-title=\"KR-noter_choir\" data-image-description=\"\" data-image-caption=\"\" data-large-file=\"https:\/\/i0.wp.com\/karin-rehnqvist.se\/eng\/wp-content\/uploads\/2015\/06\/KR-noter_choir.jpg?fit=640%2C640&amp;ssl=1\" \/><\/a><\/div>\n<div class=\"pt-cv-taxoterm above_title\"><a href='https:\/\/karin-rehnqvist.se\/eng\/category\/complete-worklist\/' title='Complete worklist' class='pt-cv-tax-complete-worklist'>Complete worklist<\/a><a href='https:\/\/karin-rehnqvist.se\/eng\/category\/complete-worklist\/male-chorus\/' title='Male chorus' class='pt-cv-tax-male-chorus'>Male chorus<\/a><\/div>\n<h4 class=\"pt-cv-title\"><a href=\"https:\/\/karin-rehnqvist.se\/eng\/male-chorus\/\" class=\"_blank\" target=\"_blank\" >Male chorus<\/a><\/h4>\n<div class=\"pt-cv-content\">Medium: ST\u00d6RRE OCH MINDRE (Greater and smaller) (2003) for men&#8217;s chorus, 2&#8242;. Text: Nils Ferlin. Commissioned by Orphei Dr\u00e4ngar. Svensk &#8230;<\/div>\n<div class=\"pt-cv-rmwrap\"><a href=\"https:\/\/karin-rehnqvist.se\/eng\/male-chorus\/\" class=\"_blank pt-cv-readmore btn btn-success\" target=\"_blank\" >Read More<\/a><\/div><\/div>\n<div class=\" pt-cv-content-item pt-cv-1-col\" ><div class=\"pt-cv-thumb-wrapper  \"><a href=\"https:\/\/karin-rehnqvist.se\/eng\/mixed-chorus\/\" class=\"_blank pt-cv-href-thumbnail pt-cv-thumb-default\" target=\"_blank\" ><img loading=\"lazy\" decoding=\"async\" width=\"768\" height=\"562\" src=\"https:\/\/i0.wp.com\/karin-rehnqvist.se\/eng\/wp-content\/uploads\/2015\/06\/KR-noter_choir_orange.jpg?fit=768%2C562&amp;ssl=1\" class=\"pt-cv-thumbnail\" alt=\"\" data-attachment-id=\"641\" data-permalink=\"https:\/\/karin-rehnqvist.se\/eng\/kr-noter_choir_orange\/\" data-orig-file=\"https:\/\/i0.wp.com\/karin-rehnqvist.se\/eng\/wp-content\/uploads\/2015\/06\/KR-noter_choir_orange.jpg?fit=900%2C659&amp;ssl=1\" data-orig-size=\"900,659\" data-comments-opened=\"0\" data-image-meta=\"{&quot;aperture&quot;:&quot;4&quot;,&quot;credit&quot;:&quot;&quot;,&quot;camera&quot;:&quot;DSC-F828&quot;,&quot;caption&quot;:&quot;&quot;,&quot;created_timestamp&quot;:&quot;1082990469&quot;,&quot;copyright&quot;:&quot;&quot;,&quot;focal_length&quot;:&quot;7.1&quot;,&quot;iso&quot;:&quot;64&quot;,&quot;shutter_speed&quot;:&quot;0.016666666666667&quot;,&quot;title&quot;:&quot;&quot;,&quot;orientation&quot;:&quot;1&quot;}\" data-image-title=\"KR-noter_choir_orange\" data-image-description=\"\" data-image-caption=\"\" data-large-file=\"https:\/\/i0.wp.com\/karin-rehnqvist.se\/eng\/wp-content\/uploads\/2015\/06\/KR-noter_choir_orange.jpg?fit=640%2C640&amp;ssl=1\" \/><\/a><\/div>\n<div class=\"pt-cv-taxoterm above_title\"><a href='https:\/\/karin-rehnqvist.se\/eng\/category\/complete-worklist\/' title='Complete worklist' class='pt-cv-tax-complete-worklist'>Complete worklist<\/a><a href='https:\/\/karin-rehnqvist.se\/eng\/category\/complete-worklist\/mixed-chorus\/' title='Mixed chorus' class='pt-cv-tax-mixed-chorus'>Mixed chorus<\/a><\/div>\n<h4 class=\"pt-cv-title\"><a href=\"https:\/\/karin-rehnqvist.se\/eng\/mixed-chorus\/\" class=\"_blank\" target=\"_blank\" >Mixed chorus<\/a><\/h4>\n<div class=\"pt-cv-content\">Easy: SONGS FROM THE EARTH (S\u00e5nger ur jorden) (1992\/2008), 6&#8242; for mixed chorus 1. Night on our earth (Natt \u00f6ver &#8230;<\/div>\n<div class=\"pt-cv-rmwrap\"><a href=\"https:\/\/karin-rehnqvist.se\/eng\/mixed-chorus\/\" class=\"_blank pt-cv-readmore btn btn-success\" target=\"_blank\" >Read More<\/a><\/div><\/div>\n<div class=\" pt-cv-content-item pt-cv-1-col\" ><div class=\"pt-cv-thumb-wrapper  \"><a href=\"https:\/\/karin-rehnqvist.se\/eng\/opera-music-theatre\/\" class=\"_blank pt-cv-href-thumbnail pt-cv-thumb-default\" target=\"_blank\" ><img loading=\"lazy\" decoding=\"async\" width=\"768\" height=\"562\" src=\"https:\/\/i0.wp.com\/karin-rehnqvist.se\/eng\/wp-content\/uploads\/2015\/06\/KR-noter_opera_bl%C3%A5.jpg?fit=768%2C562&amp;ssl=1\" class=\"pt-cv-thumbnail\" alt=\"\" data-attachment-id=\"651\" data-permalink=\"https:\/\/karin-rehnqvist.se\/eng\/kr-noter_opera_bla\/\" data-orig-file=\"https:\/\/i0.wp.com\/karin-rehnqvist.se\/eng\/wp-content\/uploads\/2015\/06\/KR-noter_opera_bl%C3%A5.jpg?fit=900%2C659&amp;ssl=1\" data-orig-size=\"900,659\" data-comments-opened=\"0\" data-image-meta=\"{&quot;aperture&quot;:&quot;4&quot;,&quot;credit&quot;:&quot;&quot;,&quot;camera&quot;:&quot;DSC-F828&quot;,&quot;caption&quot;:&quot;&quot;,&quot;created_timestamp&quot;:&quot;1082990469&quot;,&quot;copyright&quot;:&quot;&quot;,&quot;focal_length&quot;:&quot;7.1&quot;,&quot;iso&quot;:&quot;64&quot;,&quot;shutter_speed&quot;:&quot;0.016666666666667&quot;,&quot;title&quot;:&quot;&quot;,&quot;orientation&quot;:&quot;1&quot;}\" data-image-title=\"KR-noter_opera_bl\u00e5\" data-image-description=\"\" data-image-caption=\"\" data-large-file=\"https:\/\/i0.wp.com\/karin-rehnqvist.se\/eng\/wp-content\/uploads\/2015\/06\/KR-noter_opera_bl%C3%A5.jpg?fit=640%2C640&amp;ssl=1\" \/><\/a><\/div>\n<div class=\"pt-cv-taxoterm above_title\"><a href='https:\/\/karin-rehnqvist.se\/eng\/category\/complete-worklist\/' title='Complete worklist' class='pt-cv-tax-complete-worklist'>Complete worklist<\/a><a href='https:\/\/karin-rehnqvist.se\/eng\/category\/complete-worklist\/opera-music-theatre\/' title='Opera \/ Music theatre' class='pt-cv-tax-opera-music-theatre'>Opera \/ Music theatre<\/a><\/div>\n<h4 class=\"pt-cv-title\"><a href=\"https:\/\/karin-rehnqvist.se\/eng\/opera-music-theatre\/\" class=\"_blank\" target=\"_blank\" >Opera &#038; Music theatre<\/a><\/h4>\n<div class=\"pt-cv-content\">BLOODHOOF (Blodhov) Monodrama for mezzo-soprano and eight instruments. Winner of the 2019 J\u00e4rn\u00e5ker Prize. Music by Karin Rehnqvist. Text by &#8230;<\/div>\n<div class=\"pt-cv-rmwrap\"><a href=\"https:\/\/karin-rehnqvist.se\/eng\/opera-music-theatre\/\" class=\"_blank pt-cv-readmore btn btn-success\" target=\"_blank\" >Read More<\/a><\/div><\/div>\n<div class=\" pt-cv-content-item pt-cv-1-col\" ><div class=\"pt-cv-thumb-wrapper  \"><a href=\"https:\/\/karin-rehnqvist.se\/eng\/orchestra\/\" class=\"_blank pt-cv-href-thumbnail pt-cv-thumb-default\" target=\"_blank\" ><img loading=\"lazy\" decoding=\"async\" width=\"768\" height=\"562\" src=\"https:\/\/i0.wp.com\/karin-rehnqvist.se\/eng\/wp-content\/uploads\/2015\/06\/KR-noter_orch_bl%C3%A5.jpg?fit=768%2C562&amp;ssl=1\" class=\"pt-cv-thumbnail\" alt=\"\" data-attachment-id=\"656\" data-permalink=\"https:\/\/karin-rehnqvist.se\/eng\/kr-noter_orch_bla\/\" data-orig-file=\"https:\/\/i0.wp.com\/karin-rehnqvist.se\/eng\/wp-content\/uploads\/2015\/06\/KR-noter_orch_bl%C3%A5.jpg?fit=900%2C659&amp;ssl=1\" data-orig-size=\"900,659\" data-comments-opened=\"0\" data-image-meta=\"{&quot;aperture&quot;:&quot;4&quot;,&quot;credit&quot;:&quot;&quot;,&quot;camera&quot;:&quot;DSC-F828&quot;,&quot;caption&quot;:&quot;&quot;,&quot;created_timestamp&quot;:&quot;1082990469&quot;,&quot;copyright&quot;:&quot;&quot;,&quot;focal_length&quot;:&quot;7.1&quot;,&quot;iso&quot;:&quot;64&quot;,&quot;shutter_speed&quot;:&quot;0.016666666666667&quot;,&quot;title&quot;:&quot;&quot;,&quot;orientation&quot;:&quot;1&quot;}\" data-image-title=\"KR-noter_orch_bl\u00e5\" data-image-description=\"\" data-image-caption=\"\" data-large-file=\"https:\/\/i0.wp.com\/karin-rehnqvist.se\/eng\/wp-content\/uploads\/2015\/06\/KR-noter_orch_bl%C3%A5.jpg?fit=640%2C640&amp;ssl=1\" \/><\/a><\/div>\n<div class=\"pt-cv-taxoterm above_title\"><a href='https:\/\/karin-rehnqvist.se\/eng\/category\/complete-worklist\/' title='Complete worklist' class='pt-cv-tax-complete-worklist'>Complete worklist<\/a><a href='https:\/\/karin-rehnqvist.se\/eng\/category\/complete-worklist\/orchestra\/' title='Orchestra' class='pt-cv-tax-orchestra'>Orchestra<\/a><\/div>\n<h4 class=\"pt-cv-title\"><a href=\"https:\/\/karin-rehnqvist.se\/eng\/orchestra\/\" class=\"_blank\" target=\"_blank\" >Orchestra<\/a><\/h4>\n<div class=\"pt-cv-content\">TIGER TOUCH (2011) f\u00f6r symphony orchestra. 9&#8242;. Instr: picc, fl, 2 ob, 2 cl, b cl, 2 bsn, cbsn, 4 &#8230;<\/div>\n<div class=\"pt-cv-rmwrap\"><a href=\"https:\/\/karin-rehnqvist.se\/eng\/orchestra\/\" class=\"_blank pt-cv-readmore btn btn-success\" target=\"_blank\" >Read More<\/a><\/div><\/div>\n<div class=\" pt-cv-content-item pt-cv-1-col\" ><div class=\"pt-cv-thumb-wrapper  \"><a href=\"https:\/\/karin-rehnqvist.se\/eng\/solo-orchestra\/\" class=\"_blank pt-cv-href-thumbnail pt-cv-thumb-default\" target=\"_blank\" ><img loading=\"lazy\" decoding=\"async\" width=\"768\" height=\"562\" src=\"https:\/\/i0.wp.com\/karin-rehnqvist.se\/eng\/wp-content\/uploads\/2015\/06\/KR-noter_solo-orch.jpg?fit=768%2C562&amp;ssl=1\" class=\"pt-cv-thumbnail\" alt=\"\" data-attachment-id=\"658\" data-permalink=\"https:\/\/karin-rehnqvist.se\/eng\/kr-noter_soloorch\/\" data-orig-file=\"https:\/\/i0.wp.com\/karin-rehnqvist.se\/eng\/wp-content\/uploads\/2015\/06\/KR-noter_solo-orch.jpg?fit=900%2C659&amp;ssl=1\" data-orig-size=\"900,659\" data-comments-opened=\"0\" data-image-meta=\"{&quot;aperture&quot;:&quot;4&quot;,&quot;credit&quot;:&quot;&quot;,&quot;camera&quot;:&quot;DSC-F828&quot;,&quot;caption&quot;:&quot;&quot;,&quot;created_timestamp&quot;:&quot;1082990469&quot;,&quot;copyright&quot;:&quot;&quot;,&quot;focal_length&quot;:&quot;7.1&quot;,&quot;iso&quot;:&quot;64&quot;,&quot;shutter_speed&quot;:&quot;0.016666666666667&quot;,&quot;title&quot;:&quot;&quot;,&quot;orientation&quot;:&quot;1&quot;}\" data-image-title=\"KR-noter_solo+orch\" data-image-description=\"\" data-image-caption=\"\" data-large-file=\"https:\/\/i0.wp.com\/karin-rehnqvist.se\/eng\/wp-content\/uploads\/2015\/06\/KR-noter_solo-orch.jpg?fit=640%2C640&amp;ssl=1\" \/><\/a><\/div>\n<div class=\"pt-cv-taxoterm above_title\"><a href='https:\/\/karin-rehnqvist.se\/eng\/category\/complete-worklist\/' title='Complete worklist' class='pt-cv-tax-complete-worklist'>Complete worklist<\/a><a href='https:\/\/karin-rehnqvist.se\/eng\/category\/complete-worklist\/solo-orchestra\/' title='Solo &amp; orchestra' class='pt-cv-tax-solo-orchestra'>Solo &amp; orchestra<\/a><\/div>\n<h4 class=\"pt-cv-title\"><a href=\"https:\/\/karin-rehnqvist.se\/eng\/solo-orchestra\/\" class=\"_blank\" target=\"_blank\" >Solo &#038; orchestra<\/a><\/h4>\n<div class=\"pt-cv-content\">ON A DISTANT SHORE (2002) concerto for clarinet and orchestra. 18&#8242;. Instr: 2 cl., timp., strings (ca 8,6,4,4,2). Commissioned by &#8230;<\/div>\n<div class=\"pt-cv-rmwrap\"><a href=\"https:\/\/karin-rehnqvist.se\/eng\/solo-orchestra\/\" class=\"_blank pt-cv-readmore btn btn-success\" target=\"_blank\" >Read More<\/a><\/div><\/div>\n<div class=\" pt-cv-content-item pt-cv-1-col\" ><div class=\"pt-cv-thumb-wrapper  \"><a href=\"https:\/\/karin-rehnqvist.se\/eng\/solo-pieces\/\" class=\"_blank pt-cv-href-thumbnail pt-cv-thumb-default\" target=\"_blank\" ><img loading=\"lazy\" decoding=\"async\" width=\"768\" height=\"562\" src=\"https:\/\/i0.wp.com\/karin-rehnqvist.se\/eng\/wp-content\/uploads\/2015\/06\/KR-noter_solo.jpg?fit=768%2C562&amp;ssl=1\" class=\"pt-cv-thumbnail\" alt=\"\" data-attachment-id=\"660\" data-permalink=\"https:\/\/karin-rehnqvist.se\/eng\/kr-noter_solo\/\" data-orig-file=\"https:\/\/i0.wp.com\/karin-rehnqvist.se\/eng\/wp-content\/uploads\/2015\/06\/KR-noter_solo.jpg?fit=900%2C659&amp;ssl=1\" data-orig-size=\"900,659\" data-comments-opened=\"0\" data-image-meta=\"{&quot;aperture&quot;:&quot;4&quot;,&quot;credit&quot;:&quot;&quot;,&quot;camera&quot;:&quot;DSC-F828&quot;,&quot;caption&quot;:&quot;&quot;,&quot;created_timestamp&quot;:&quot;1082990469&quot;,&quot;copyright&quot;:&quot;&quot;,&quot;focal_length&quot;:&quot;7.1&quot;,&quot;iso&quot;:&quot;64&quot;,&quot;shutter_speed&quot;:&quot;0.016666666666667&quot;,&quot;title&quot;:&quot;&quot;,&quot;orientation&quot;:&quot;1&quot;}\" data-image-title=\"KR-noter_solo\" data-image-description=\"\" data-image-caption=\"\" data-large-file=\"https:\/\/i0.wp.com\/karin-rehnqvist.se\/eng\/wp-content\/uploads\/2015\/06\/KR-noter_solo.jpg?fit=640%2C640&amp;ssl=1\" \/><\/a><\/div>\n<div class=\"pt-cv-taxoterm above_title\"><a href='https:\/\/karin-rehnqvist.se\/eng\/category\/complete-worklist\/solo\/' title='Solo' class='pt-cv-tax-solo'>Solo<\/a><\/div>\n<h4 class=\"pt-cv-title\"><a href=\"https:\/\/karin-rehnqvist.se\/eng\/solo-pieces\/\" class=\"_blank\" target=\"_blank\" >Solo pieces<\/a><\/h4>\n<div class=\"pt-cv-content\">PSALM UR NATTEN (Hymn from Night) (2006\/2024) version for cello, 5\u2019 Svensk Musik Score sample PSALM UR NATTEN (Hymn from &#8230;<\/div>\n<div class=\"pt-cv-rmwrap\"><a href=\"https:\/\/karin-rehnqvist.se\/eng\/solo-pieces\/\" class=\"_blank pt-cv-readmore btn btn-success\" target=\"_blank\" >Read More<\/a><\/div><\/div>\n<div class=\" pt-cv-content-item pt-cv-1-col\" ><div class=\"pt-cv-thumb-wrapper  \"><a href=\"https:\/\/karin-rehnqvist.se\/eng\/strings\/\" class=\"_blank pt-cv-href-thumbnail pt-cv-thumb-default\" target=\"_blank\" ><img loading=\"lazy\" decoding=\"async\" width=\"768\" height=\"562\" src=\"https:\/\/i0.wp.com\/karin-rehnqvist.se\/eng\/wp-content\/uploads\/2015\/06\/KR-noter_strings.jpg?fit=768%2C562&amp;ssl=1\" class=\"pt-cv-thumbnail\" alt=\"\" data-attachment-id=\"668\" data-permalink=\"https:\/\/karin-rehnqvist.se\/eng\/kr-noter_strings\/\" data-orig-file=\"https:\/\/i0.wp.com\/karin-rehnqvist.se\/eng\/wp-content\/uploads\/2015\/06\/KR-noter_strings.jpg?fit=900%2C659&amp;ssl=1\" data-orig-size=\"900,659\" data-comments-opened=\"0\" data-image-meta=\"{&quot;aperture&quot;:&quot;4&quot;,&quot;credit&quot;:&quot;&quot;,&quot;camera&quot;:&quot;DSC-F828&quot;,&quot;caption&quot;:&quot;&quot;,&quot;created_timestamp&quot;:&quot;1082990469&quot;,&quot;copyright&quot;:&quot;&quot;,&quot;focal_length&quot;:&quot;7.1&quot;,&quot;iso&quot;:&quot;64&quot;,&quot;shutter_speed&quot;:&quot;0.016666666666667&quot;,&quot;title&quot;:&quot;&quot;,&quot;orientation&quot;:&quot;1&quot;}\" data-image-title=\"KR-noter_strings\" data-image-description=\"\" data-image-caption=\"\" data-large-file=\"https:\/\/i0.wp.com\/karin-rehnqvist.se\/eng\/wp-content\/uploads\/2015\/06\/KR-noter_strings.jpg?fit=640%2C640&amp;ssl=1\" \/><\/a><\/div>\n<div class=\"pt-cv-taxoterm above_title\"><a href='https:\/\/karin-rehnqvist.se\/eng\/category\/complete-worklist\/' title='Complete worklist' class='pt-cv-tax-complete-worklist'>Complete worklist<\/a><a href='https:\/\/karin-rehnqvist.se\/eng\/category\/complete-worklist\/strings\/' title='Strings' class='pt-cv-tax-strings'>Strings<\/a><\/div>\n<h4 class=\"pt-cv-title\"><a href=\"https:\/\/karin-rehnqvist.se\/eng\/strings\/\" class=\"_blank\" target=\"_blank\" >Strings<\/a><\/h4>\n<div class=\"pt-cv-content\">ON A DISTANT SHORE (2002) concerto for clarinet and orchestra. 18&#8242;. Instr: 2 cl., timp., strings (ca 8,6,4,4,2). Commissioned by &#8230;<\/div>\n<div class=\"pt-cv-rmwrap\"><a href=\"https:\/\/karin-rehnqvist.se\/eng\/strings\/\" class=\"_blank pt-cv-readmore btn btn-success\" target=\"_blank\" >Read More<\/a><\/div><\/div>\n<div class=\" pt-cv-content-item pt-cv-1-col\" ><div class=\"pt-cv-thumb-wrapper  \"><a href=\"https:\/\/karin-rehnqvist.se\/eng\/swedish-folk-music\/\" class=\"_blank pt-cv-href-thumbnail pt-cv-thumb-default\" target=\"_blank\" ><img loading=\"lazy\" decoding=\"async\" width=\"768\" height=\"562\" src=\"https:\/\/i0.wp.com\/karin-rehnqvist.se\/eng\/wp-content\/uploads\/2015\/06\/KR-noter_folk.jpg?fit=768%2C562&amp;ssl=1\" class=\"pt-cv-thumbnail\" alt=\"\" data-attachment-id=\"670\" data-permalink=\"https:\/\/karin-rehnqvist.se\/eng\/kr-noter_folk\/\" data-orig-file=\"https:\/\/i0.wp.com\/karin-rehnqvist.se\/eng\/wp-content\/uploads\/2015\/06\/KR-noter_folk.jpg?fit=900%2C659&amp;ssl=1\" data-orig-size=\"900,659\" data-comments-opened=\"0\" data-image-meta=\"{&quot;aperture&quot;:&quot;4&quot;,&quot;credit&quot;:&quot;&quot;,&quot;camera&quot;:&quot;DSC-F828&quot;,&quot;caption&quot;:&quot;&quot;,&quot;created_timestamp&quot;:&quot;1082990469&quot;,&quot;copyright&quot;:&quot;&quot;,&quot;focal_length&quot;:&quot;7.1&quot;,&quot;iso&quot;:&quot;64&quot;,&quot;shutter_speed&quot;:&quot;0.016666666666667&quot;,&quot;title&quot;:&quot;&quot;,&quot;orientation&quot;:&quot;1&quot;}\" data-image-title=\"KR-noter_folk\" data-image-description=\"\" data-image-caption=\"\" data-large-file=\"https:\/\/i0.wp.com\/karin-rehnqvist.se\/eng\/wp-content\/uploads\/2015\/06\/KR-noter_folk.jpg?fit=640%2C640&amp;ssl=1\" \/><\/a><\/div>\n<div class=\"pt-cv-taxoterm above_title\"><a href='https:\/\/karin-rehnqvist.se\/eng\/category\/complete-worklist\/' title='Complete worklist' class='pt-cv-tax-complete-worklist'>Complete worklist<\/a><a href='https:\/\/karin-rehnqvist.se\/eng\/category\/complete-worklist\/swedish-folk-music\/' title='Swedish folk music' class='pt-cv-tax-swedish-folk-music'>Swedish folk music<\/a><\/div>\n<h4 class=\"pt-cv-title\"><a href=\"https:\/\/karin-rehnqvist.se\/eng\/swedish-folk-music\/\" class=\"_blank\" target=\"_blank\" >Swedish folk music<\/a><\/h4>\n<div class=\"pt-cv-content\">(arrangements) IN HEAVEN&#8217;S HALL\/ I himmelen (1998) for treble chorus; small version without solo voices. 4&#8242;. Singable text in Swedish &#8230;<\/div>\n<div class=\"pt-cv-rmwrap\"><a href=\"https:\/\/karin-rehnqvist.se\/eng\/swedish-folk-music\/\" class=\"_blank pt-cv-readmore btn btn-success\" target=\"_blank\" >Read More<\/a><\/div><\/div>\n<div class=\" pt-cv-content-item pt-cv-1-col\" ><div class=\"pt-cv-thumb-wrapper  \"><a href=\"https:\/\/karin-rehnqvist.se\/eng\/treble-womens-chorus\/\" class=\"_blank pt-cv-href-thumbnail pt-cv-thumb-default\" target=\"_blank\" ><img loading=\"lazy\" decoding=\"async\" width=\"768\" height=\"562\" src=\"https:\/\/i0.wp.com\/karin-rehnqvist.se\/eng\/wp-content\/uploads\/2015\/06\/KR-noter_choir_orange.jpg?fit=768%2C562&amp;ssl=1\" class=\"pt-cv-thumbnail\" alt=\"\" data-attachment-id=\"641\" data-permalink=\"https:\/\/karin-rehnqvist.se\/eng\/kr-noter_choir_orange\/\" data-orig-file=\"https:\/\/i0.wp.com\/karin-rehnqvist.se\/eng\/wp-content\/uploads\/2015\/06\/KR-noter_choir_orange.jpg?fit=900%2C659&amp;ssl=1\" data-orig-size=\"900,659\" data-comments-opened=\"0\" data-image-meta=\"{&quot;aperture&quot;:&quot;4&quot;,&quot;credit&quot;:&quot;&quot;,&quot;camera&quot;:&quot;DSC-F828&quot;,&quot;caption&quot;:&quot;&quot;,&quot;created_timestamp&quot;:&quot;1082990469&quot;,&quot;copyright&quot;:&quot;&quot;,&quot;focal_length&quot;:&quot;7.1&quot;,&quot;iso&quot;:&quot;64&quot;,&quot;shutter_speed&quot;:&quot;0.016666666666667&quot;,&quot;title&quot;:&quot;&quot;,&quot;orientation&quot;:&quot;1&quot;}\" data-image-title=\"KR-noter_choir_orange\" data-image-description=\"\" data-image-caption=\"\" data-large-file=\"https:\/\/i0.wp.com\/karin-rehnqvist.se\/eng\/wp-content\/uploads\/2015\/06\/KR-noter_choir_orange.jpg?fit=640%2C640&amp;ssl=1\" \/><\/a><\/div>\n<div class=\"pt-cv-taxoterm above_title\"><a href='https:\/\/karin-rehnqvist.se\/eng\/category\/complete-worklist\/' title='Complete worklist' class='pt-cv-tax-complete-worklist'>Complete worklist<\/a><a href='https:\/\/karin-rehnqvist.se\/eng\/category\/complete-worklist\/treble-womens-chorus\/' title='Treble \/ Women&#039;s chorus' class='pt-cv-tax-treble-womens-chorus'>Treble \/ Women&#8217;s chorus<\/a><\/div>\n<h4 class=\"pt-cv-title\"><a href=\"https:\/\/karin-rehnqvist.se\/eng\/treble-womens-chorus\/\" class=\"_blank\" target=\"_blank\" >Treble \/ Women&#8217;s chorus<\/a><\/h4>\n<div class=\"pt-cv-content\">Easy: IT MAKES ME MAD (Jag blir s\u00e5 arg) (2023)x for children\u2019s choir and piano. 3\u2019 Lyrics in Swedish and &#8230;<\/div>\n<div class=\"pt-cv-rmwrap\"><a href=\"https:\/\/karin-rehnqvist.se\/eng\/treble-womens-chorus\/\" class=\"_blank pt-cv-readmore btn btn-success\" target=\"_blank\" >Read More<\/a><\/div><\/div><\/div><\/div> <\/div> <style>\n\n#pt-cv-view-eb46f7j0 .pt-cv-meta-fields {  }#pt-cv-view-eb46f7j0 .pt-cv-meta-fields * { font-size: 13px; }#pt-cv-view-eb46f7j0 .pt-cv-thumb-wrapper:not(.miniwrap) {  }#pt-cv-view-eb46f7j0 .pt-cv-thumbnail:not(.pt-cv-thumbnailsm) { height: 250px; }#pt-cv-view-eb46f7j0 .pt-cv-title a { display: block; }#pt-cv-view-eb46f7j0 .pt-cv-title:not(.pt-cv-titlesm) a { font-weight: 600;text-decoration: none;font-size: 20px; }#pt-cv-view-eb46f7j0 .pt-cv-titlesm a { font-weight: 600;font-size: 18px; }#pt-cv-view-eb46f7j0 .pt-cv-content { font-size: 15px; }#pt-cv-view-eb46f7j0 .pt-cv-rmwrap {  }#pt-cv-view-eb46f7j0 .pt-cv-readmore { color: #fff;background-color: #abb8c3;font-size: 14px; }#pt-cv-view-eb46f7j0 .pt-cv-taxoterm {  }#pt-cv-view-eb46f7j0 .pt-cv-taxoterm * { color: #222;background-color: #fff6f6;font-size: 14px; }#pt-cv-view-eb46f7j0 + .pt-cv-pagination-wrapper {  }#pt-cv-view-eb46f7j0 + .pt-cv-pagination-wrapper a { font-size: 14px; }#pt-cv-view-eb46f7j0 > .pt-cv-page {grid-template-columns: repeat(3, 1fr);grid-gap: 20px;}\n@media all and (max-width: 1024px) { \n#pt-cv-view-eb46f7j0 > .pt-cv-page {}\n} \n@media all and (max-width: 767px) { \n#pt-cv-view-eb46f7j0 > .pt-cv-page {grid-template-columns: repeat(1, 1fr);}\n} <\/style>","protected":false},"excerpt":{"rendered":"","protected":false},"author":1,"featured_media":1191,"parent":0,"menu_order":0,"comment_status":"closed","ping_status":"closed","template":"","meta":{"ngg_post_thumbnail":0,"jetpack_post_was_ever_published":false,"footnotes":""},"class_list":["post-960","page","type-page","status-publish","has-post-thumbnail","hentry"],"jetpack_sharing_enabled":true,"jetpack_shortlink":"https:\/\/wp.me\/P79arM-fu","jetpack-related-posts":[{"id":937,"url":"https:\/\/karin-rehnqvist.se\/eng\/contact\/","url_meta":{"origin":960,"position":0},"title":"Contact","author":"admin2","date":"January 20, 2016","format":false,"excerpt":"Publishers Gehrmans | Kristina Frykl\u00f6f \u2013 chamber- and orchestra workstel: +46-8-610 06 17kristina.fryklof@gehrmans.se | www.gehrmans.se Gehrmans | Karin Ekedahl \u2013 choral musictel: +46-8-610 06 08Karin.Ekedahl@gehrmans.se\u00a0| www.gehrmans.se Svensk Musik | Pekka M\u00e4enp\u00e4\u00e4\u00a0tel: +46-8-783 88 62pekka.maenpaa@svenskmusik.org | www.svenskmusik.org\/en Message to\u00a0Karin Rehnqvist:","rel":"","context":"Similar post","block_context":{"text":"Similar post","link":""},"img":{"alt_text":"","src":"https:\/\/i0.wp.com\/karin-rehnqvist.se\/eng\/wp-content\/uploads\/2016\/01\/str%C3%A5kar_detaljcontact.jpg?fit=1200%2C738&ssl=1&resize=350%2C200","width":350,"height":200,"srcset":"https:\/\/i0.wp.com\/karin-rehnqvist.se\/eng\/wp-content\/uploads\/2016\/01\/str%C3%A5kar_detaljcontact.jpg?fit=1200%2C738&ssl=1&resize=350%2C200 1x, https:\/\/i0.wp.com\/karin-rehnqvist.se\/eng\/wp-content\/uploads\/2016\/01\/str%C3%A5kar_detaljcontact.jpg?fit=1200%2C738&ssl=1&resize=525%2C300 1.5x, https:\/\/i0.wp.com\/karin-rehnqvist.se\/eng\/wp-content\/uploads\/2016\/01\/str%C3%A5kar_detaljcontact.jpg?fit=1200%2C738&ssl=1&resize=700%2C400 2x, https:\/\/i0.wp.com\/karin-rehnqvist.se\/eng\/wp-content\/uploads\/2016\/01\/str%C3%A5kar_detaljcontact.jpg?fit=1200%2C738&ssl=1&resize=1050%2C600 3x"},"classes":[]},{"id":1617,"url":"https:\/\/karin-rehnqvist.se\/eng\/biography-short-version\/","url_meta":{"origin":960,"position":1},"title":"Biography \u2013 short version","author":"admin2","date":"June 7, 2018","format":false,"excerpt":"\u00a0 \u00a0 KARIN REHNQVIST (born 1957)\u00a0is one of Sweden\u2019s best known and most widely performed composers. From chamber music to orchestral, stage and vocal works, she has blazed a unique cross-genre trail, exploring the borderland between art and folk music, and evolving a highly distinctive compositional and performance style.\u00a0 One\u2026","rel":"","context":"Similar post","block_context":{"text":"Similar post","link":""},"img":{"alt_text":"","src":"https:\/\/i0.wp.com\/karin-rehnqvist.se\/eng\/wp-content\/uploads\/2018\/06\/KARIN-R-mindre-X0439_popart_2.jpg?fit=567%2C786&ssl=1&resize=350%2C200","width":350,"height":200,"srcset":"https:\/\/i0.wp.com\/karin-rehnqvist.se\/eng\/wp-content\/uploads\/2018\/06\/KARIN-R-mindre-X0439_popart_2.jpg?fit=567%2C786&ssl=1&resize=350%2C200 1x, https:\/\/i0.wp.com\/karin-rehnqvist.se\/eng\/wp-content\/uploads\/2018\/06\/KARIN-R-mindre-X0439_popart_2.jpg?fit=567%2C786&ssl=1&resize=525%2C300 1.5x"},"classes":[]},{"id":3599,"url":"https:\/\/karin-rehnqvist.se\/eng\/biography\/","url_meta":{"origin":960,"position":2},"title":"Biography","author":"Johan N\u00e4slund","date":"January 9, 2025","format":false,"excerpt":"Karin Rehnqvist was born in 1957 in Stockholm and grew up in the town of Nybro in southeast Sweden. At the Royal College of Music in Stockholm she studied music education from 1976, and then composition from 1980 to 1984. Her teachers included Gunnar Bucht, P\u00e4r Lindgren and Brian Ferneyhough.\u2026","rel":"","context":"Similar post","block_context":{"text":"Similar post","link":""},"img":{"alt_text":"","src":"https:\/\/i0.wp.com\/karin-rehnqvist.se\/eng\/wp-content\/uploads\/2025\/01\/KarinRehnqvist087_3-1.jpg?resize=350%2C200&ssl=1","width":350,"height":200},"classes":[]},{"id":1354,"url":"https:\/\/karin-rehnqvist.se\/eng\/spring-2017\/","url_meta":{"origin":960,"position":3},"title":"Spring 2017","author":"admin2","date":"December 8, 2016","format":false,"excerpt":"21 January\u00a02017 Nio n\u00e4tter\/ Nine nights\u00a0\u2013\u00a0Premiere Text: Ger\u2202ur Kristn\u00fd Lena Willemark, ensemble recherche Festival Ultraschall, Berlin More on the festival's web page \u203a 26 January\u00a02017 Inauguration of the the new campus of Royal College of Music, Stockholm H\u00e4r \u00e4r musiken!\/ Here's the music! \u00a0\u2013 a\u00a0happening from\u00a0the\u00a0foyer to the\u00a0concert hall\u00a0\u2013 Premiere\u2026","rel":"","context":"Similar post","block_context":{"text":"Similar post","link":""},"img":{"alt_text":"","src":"https:\/\/i0.wp.com\/karin-rehnqvist.se\/eng\/wp-content\/uploads\/2016\/12\/noterpappersbakgr1.jpg?fit=1200%2C617&ssl=1&resize=350%2C200","width":350,"height":200,"srcset":"https:\/\/i0.wp.com\/karin-rehnqvist.se\/eng\/wp-content\/uploads\/2016\/12\/noterpappersbakgr1.jpg?fit=1200%2C617&ssl=1&resize=350%2C200 1x, https:\/\/i0.wp.com\/karin-rehnqvist.se\/eng\/wp-content\/uploads\/2016\/12\/noterpappersbakgr1.jpg?fit=1200%2C617&ssl=1&resize=525%2C300 1.5x, https:\/\/i0.wp.com\/karin-rehnqvist.se\/eng\/wp-content\/uploads\/2016\/12\/noterpappersbakgr1.jpg?fit=1200%2C617&ssl=1&resize=700%2C400 2x, https:\/\/i0.wp.com\/karin-rehnqvist.se\/eng\/wp-content\/uploads\/2016\/12\/noterpappersbakgr1.jpg?fit=1200%2C617&ssl=1&resize=1050%2C600 3x"},"classes":[]},{"id":992,"url":"https:\/\/karin-rehnqvist.se\/eng\/all-works-a-z\/","url_meta":{"origin":960,"position":4},"title":"All compositions, A-W","author":"admin2","date":"January 23, 2016","format":false,"excerpt":"Programme notes \u203a ALFRED (1995) filmen om Alfred Nobel, regi Vilgot Sj\u00f6man ALL THOSE STRINGS! (2013) for string quartet and kantele 1. Night Strings 2. Cross Strings 3. Thin String \u2013 Little Song 4. Joy Strings ANDRUM (1992) f\u00f6r tv\u00e5 s\u00e5ngerskor, tv\u00e5 slagverkare och en trombonist. 17\u2032. ANROP \u2013 INROP\u2026","rel":"","context":"Similar post","block_context":{"text":"Similar post","link":""},"img":{"alt_text":"","src":"https:\/\/i0.wp.com\/karin-rehnqvist.se\/eng\/wp-content\/uploads\/2016\/01\/kr-noter_lamento.jpg?fit=1200%2C695&ssl=1&resize=350%2C200","width":350,"height":200,"srcset":"https:\/\/i0.wp.com\/karin-rehnqvist.se\/eng\/wp-content\/uploads\/2016\/01\/kr-noter_lamento.jpg?fit=1200%2C695&ssl=1&resize=350%2C200 1x, https:\/\/i0.wp.com\/karin-rehnqvist.se\/eng\/wp-content\/uploads\/2016\/01\/kr-noter_lamento.jpg?fit=1200%2C695&ssl=1&resize=525%2C300 1.5x, https:\/\/i0.wp.com\/karin-rehnqvist.se\/eng\/wp-content\/uploads\/2016\/01\/kr-noter_lamento.jpg?fit=1200%2C695&ssl=1&resize=700%2C400 2x, https:\/\/i0.wp.com\/karin-rehnqvist.se\/eng\/wp-content\/uploads\/2016\/01\/kr-noter_lamento.jpg?fit=1200%2C695&ssl=1&resize=1050%2C600 3x"},"classes":[]}],"_links":{"self":[{"href":"https:\/\/karin-rehnqvist.se\/eng\/wp-json\/wp\/v2\/pages\/960","targetHints":{"allow":["GET"]}}],"collection":[{"href":"https:\/\/karin-rehnqvist.se\/eng\/wp-json\/wp\/v2\/pages"}],"about":[{"href":"https:\/\/karin-rehnqvist.se\/eng\/wp-json\/wp\/v2\/types\/page"}],"author":[{"embeddable":true,"href":"https:\/\/karin-rehnqvist.se\/eng\/wp-json\/wp\/v2\/users\/1"}],"replies":[{"embeddable":true,"href":"https:\/\/karin-rehnqvist.se\/eng\/wp-json\/wp\/v2\/comments?post=960"}],"version-history":[{"count":4,"href":"https:\/\/karin-rehnqvist.se\/eng\/wp-json\/wp\/v2\/pages\/960\/revisions"}],"predecessor-version":[{"id":3387,"href":"https:\/\/karin-rehnqvist.se\/eng\/wp-json\/wp\/v2\/pages\/960\/revisions\/3387"}],"wp:featuredmedia":[{"embeddable":true,"href":"https:\/\/karin-rehnqvist.se\/eng\/wp-json\/wp\/v2\/media\/1191"}],"wp:attachment":[{"href":"https:\/\/karin-rehnqvist.se\/eng\/wp-json\/wp\/v2\/media?parent=960"}],"curies":[{"name":"wp","href":"https:\/\/api.w.org\/{rel}","templated":true}]}}