{"id":2509,"date":"2022-10-22T18:30:58","date_gmt":"2022-10-22T17:30:58","guid":{"rendered":"https:\/\/karin-rehnqvist.se\/eng\/?page_id=2509"},"modified":"2022-10-23T17:55:26","modified_gmt":"2022-10-23T16:55:26","slug":"spring-2022","status":"publish","type":"page","link":"https:\/\/karin-rehnqvist.se\/eng\/spring-2022\/","title":{"rendered":"Spring 2022"},"content":{"rendered":"\n<p><strong>7 May 2022<\/strong><\/p>\n\n\n\n<p class=\"has-black-color has-text-color\"><strong>Wiegenlieder im All<\/strong> (Vaggvisor i v\u00e4rldsrymden) | PREMIERE<\/p>\n\n\n\n<p>Neuer Kammerchor Berlin<br>Adrian&nbsp;Emans, conductor <br>St. Matth\u00e4us-Kirche, Berlin<\/p>\n\n\n\n<hr class=\"wp-block-separator has-alpha-channel-opacity has-text-color has-background has-luminous-vivid-orange-background-color has-luminous-vivid-orange-color\" id=\"block-e9eeb6d8-38a8-4939-91c4-3f530dc2cced\"\/>\n\n\n\n<p><strong>7 May 2022<\/strong><\/p>\n\n\n\n<p><strong>H\u00e4r f\u00e5r du inte sitta! <\/strong>| PREMIERE<\/p>\n\n\n\n<p>Adolf Fredriks Musikklasser\/Adolf Fredrik&#8217;s Music Classes, class 5E + 5F<br>Lina Sandborgh, conductor<br>Folkoperan, Stockholm, 2 pm<\/p>\n\n\n\n<hr class=\"wp-block-separator has-text-color has-luminous-vivid-orange-color has-css-opacity has-luminous-vivid-orange-background-color has-background is-style-default\"\/>\n\n\n\n<p><strong>27 March 2022<\/strong><\/p>\n\n\n\n<p><strong>Time is Calling to You<\/strong>\/ <strong>Tiden ropar p\u00e5 dig<\/strong>. For mixed choir and cello | PREMIERE<\/p>\n\n\n\n<p>Gustaf Sj\u00f6kvist Chamber Choir<br>Mattias Rodrick, cello, Anna Christenson, piano<br>Florian Benfer, conductor<br>The festival Svensk Musikv\u00e5r, Musikaliska, Stockholm, 4 pm<\/p>\n\n\n\n<hr class=\"wp-block-separator has-text-color has-luminous-vivid-orange-color has-css-opacity has-luminous-vivid-orange-background-color has-background is-style-default\"\/>\n\n\n\n<p><strong>13 March 2022<\/strong><\/p>\n\n\n\n<p><strong>HYMN \u2013 Awake my soul!\/<\/strong> <strong>HYMN \u2013 Vakna min sj\u00e4l! <\/strong>|&nbsp;PREMIERE<\/p>\n\n\n\n<p>Jessica Elevant, soprano, Link\u00f6ping Cathedral Choir and instrumental ensemble<br>Marie-Lousie Beckman, conductor<br>Link\u00f6ping Cathedral, 6 pm<\/p>\n\n\n\n<hr class=\"wp-block-separator has-text-color has-luminous-vivid-orange-color has-css-opacity has-luminous-vivid-orange-background-color has-background is-style-default\"\/>\n\n\n\n<p><strong>18 February 2022 <\/strong><\/p>\n\n\n\n<p><strong>Songs between light and darkness<\/strong>\/ <strong>S\u00e5nger mellan ljus och m\u00f6rker<\/strong> |&nbsp;PREMIERE<\/p>\n\n\n\n<p>ARcTIC Ensemble, Berit Norbakken, soprano<br>Bj\u00f8rk-Guinevere Kinsella Eide, conductor<br>Troms\u00f8 Cathedral, Norway, 6 pm<\/p>\n\n\n\n<hr class=\"wp-block-separator has-text-color has-luminous-vivid-orange-color has-css-opacity has-luminous-vivid-orange-background-color has-background is-style-default\"\/>\n\n\n\n<p><strong>29 January 2022<\/strong><\/p>\n\n\n\n<p><strong>Silent Earth<\/strong>&nbsp;| PREMIERE<br><em>1. Silent Earth<br>2. We, Who Once Were<br>3. The Burning Earth<\/em><\/p>\n\n\n\n<p>Lyrics: Kerstin Perski<br>Netherland Radio Choir, Netherland Philharmonic Orchestra<br>Gijs Leenaars, conductor<br>Concertgebouw, Amsterdam, 2.15 pm<\/p>\n\n\n\n<p><em>Co-commissioned by Eduard van Beinum Stichting and NTR ZaterdagMatinee and Swedish Radio Symphony Orchestra<\/em><\/p>\n\n\n\n<p><\/p>\n\n\n\n<p><br><br><br><\/p>\n","protected":false},"excerpt":{"rendered":"<p>7 May 2022 Wiegenlieder im All (Vaggvisor i v\u00e4rldsrymden) | PREMIERE Neuer Kammerchor BerlinAdrian&nbsp;Emans, conductor St. Matth\u00e4us-Kirche, Berlin 7 May 2022 H\u00e4r f\u00e5r <\/p>\n","protected":false},"author":1,"featured_media":0,"parent":0,"menu_order":0,"comment_status":"closed","ping_status":"closed","template":"","meta":{"ngg_post_thumbnail":0,"jetpack_post_was_ever_published":false,"footnotes":""},"class_list":["post-2509","page","type-page","status-publish","hentry"],"jetpack_sharing_enabled":true,"jetpack_shortlink":"https:\/\/wp.me\/P79arM-Et","jetpack-related-posts":[{"id":1048,"url":"https:\/\/karin-rehnqvist.se\/eng\/highlights\/","url_meta":{"origin":2509,"position":0},"title":"Highlights","author":"admin2","date":"January 27, 2016","format":false,"excerpt":"Performances 2024 The Dream\u00a0\u2013\u00a0World premiere Unni L\u00f8vlid, alt, Marianne Baudouin Lie, cello Krematoriet, Stockholm Jag blir s\u00e5 arg\/ It Makes Me Mad \u2013 World premiere The Choir Kvinten from Nacka Music School, Magnus Sk\u00f6ld, piano Sara Pucek, conductor Royal College of Music, Stockholm Min dr\u00f6ms\u00e5ng\/My Dreamsong - World premiere Choir\u2026","rel":"","context":"Similar post","block_context":{"text":"Similar post","link":""},"img":{"alt_text":"","src":"https:\/\/i0.wp.com\/karin-rehnqvist.se\/eng\/wp-content\/uploads\/2016\/01\/higlights2.jpg?fit=1020%2C412&ssl=1&resize=350%2C200","width":350,"height":200,"srcset":"https:\/\/i0.wp.com\/karin-rehnqvist.se\/eng\/wp-content\/uploads\/2016\/01\/higlights2.jpg?fit=1020%2C412&ssl=1&resize=350%2C200 1x, https:\/\/i0.wp.com\/karin-rehnqvist.se\/eng\/wp-content\/uploads\/2016\/01\/higlights2.jpg?fit=1020%2C412&ssl=1&resize=525%2C300 1.5x, https:\/\/i0.wp.com\/karin-rehnqvist.se\/eng\/wp-content\/uploads\/2016\/01\/higlights2.jpg?fit=1020%2C412&ssl=1&resize=700%2C400 2x"},"classes":[]},{"id":1989,"url":"https:\/\/karin-rehnqvist.se\/eng\/spring-2020\/","url_meta":{"origin":2509,"position":1},"title":"Spring 2020","author":"admin2","date":"March 12, 2020","format":false,"excerpt":"5 February, 2020 Bloodhoof\/ Blodhov Kungasalen, Royal College of Music, Stockholm, 7 pmMore info \u203a 9 February, 2020 Sji olwatt\u00a0from Timpanum Songs \u2013 Herding Calls Eric Ericson Chamber ChoirFredrik Malmberg, conductorV\u00e4ster\u00e5s domkyrka, 6 pm 12 February, 2020 Sji olwatt\u00a0from Timpanum Songs \u2013 Herding Calls Eric Ericson Chamber ChoirFredrik Malmberg, conductorKonserthuset\u2026","rel":"","context":"Similar post","block_context":{"text":"Similar post","link":""},"img":{"alt_text":"","src":"","width":0,"height":0},"classes":[]},{"id":966,"url":"https:\/\/karin-rehnqvist.se\/eng\/cd\/","url_meta":{"origin":2509,"position":2},"title":"CD","author":"admin2","date":"January 23, 2016","format":false,"excerpt":"Buy Rehnqvist-music: eClassical > iTunes > LIVE! Karin Rehnqvist, Composer GRAMMIS Award 2014 \u00a0| \u00a0Sterling Modern CD3002-2 Light of Light\u00a0\u00bb Adolf Fredriks Flickk\u00f6r, Sveriges Radios Symfoniorkester Quem chama. Vem ropar?\u00a0\u00bb Marie Axelsson, Johanna B\u00f6lja Hertzberg, Remix Ensemble Salve Regina \u2013 himlarnas drottning\u00a0\u00bb Nederlands Kamerkoor, Nieuw Ensemble Musik till den sovande\u00a0\u00bb\u2026","rel":"","context":"Similar post","block_context":{"text":"Similar post","link":""},"img":{"alt_text":"Rehnqvist_Live_booklet_omsl","src":"https:\/\/i0.wp.com\/karin-rehnqvist.se\/eng\/wp-content\/uploads\/2016\/01\/Rehnqvist_Live_booklet_omsl-150x150.jpg?resize=350%2C200","width":350,"height":200},"classes":[]},{"id":2221,"url":"https:\/\/karin-rehnqvist.se\/eng\/listen-to-the-music\/","url_meta":{"origin":2509,"position":3},"title":"Listen to the music","author":"admin2","date":"September 21, 2021","format":false,"excerpt":"Salve ReginaNederlands Kamerkoor, Nieuw Ensemble, Ed Spanjaard, conductor\u201dLIVE\u201d Karin Rehnqvist, Composer [Sterling Modern CD3002-2] Sun Song\/ Sols\u00e5ngenLena Willemark, soprano.\u00a0Nordic Chamber Orchestra, Niklas Will\u00e9n, conductor[BIS 966, Intim Musik IMCD 037] \u00a0Preludes for a large orchestra,\u00a0met 2Royal Philharmonic Orchestra Stockholm,\u00a0Niklas Will\u00e9n, conductor When I close my eyes, I dream of peaceSchola Cantorum,\u2026","rel":"","context":"Similar post","block_context":{"text":"Similar post","link":""},"img":{"alt_text":"KR-cd_Live_omslag","src":"https:\/\/i0.wp.com\/karin-rehnqvist.se\/wp-content\/uploads\/KR-cd_Live_omslag-150x150.jpg?resize=350%2C200","width":350,"height":200},"classes":[]},{"id":2494,"url":"https:\/\/karin-rehnqvist.se\/eng\/autumn-2022\/","url_meta":{"origin":2509,"position":4},"title":"Autumn 2022","author":"admin2","date":"October 22, 2022","format":false,"excerpt":"27 August 2022 Silent Earth | SWEDISH PREMIERE Swedish Radio Choir, Swedish Radio Symphony OrchestraDima Slobodeniouk, conductorBaltic Sea Festival, Berwaldhallen, Stockholm, 7 pm 9 October 2022 Vaults\/ Valv, for wind quintet, transcribed by Stefan Diaconu | WORLD PREMIERE V Coloris wind QuintetOdd Fellow Pal\u00e6et, Bredgade 28, Copenhagen, 7.30 pm 4\u2026","rel":"","context":"Similar post","block_context":{"text":"Similar post","link":""},"img":{"alt_text":"","src":"","width":0,"height":0},"classes":[]},{"id":2154,"url":"https:\/\/karin-rehnqvist.se\/eng\/autumn-2021\/","url_meta":{"origin":2509,"position":5},"title":"Autumn 2021","author":"admin2","date":"September 5, 2021","format":false,"excerpt":"24 September 2021\u00a0 As long as the moon shall rise\u00a0| PREMIERE Kvindelige Studenters Sangforening, OsloConductor:\u00a0Marit T\u00f8ndel Bodsberg WeydeAnniversary Concert 70 yearsUniversitetsaulan, Oslo, 7 pm More info\u00a0\u203a 24-26 September 2021 Chor.com Hannover\u00a0 24\/9\u00a0 14:30 \u2013 16:00:\u00a0 Workshop: Neue Chormusik von Karin Rehnqvist\/ New choir music by Karin Rehnqvist Eric Ericson Chamber\u2026","rel":"","context":"Similar post","block_context":{"text":"Similar post","link":""},"img":{"alt_text":"","src":"https:\/\/i0.wp.com\/karin-rehnqvist.se\/wp-content\/uploads\/musik-i-natten_del-300x275.jpg?resize=350%2C200&ssl=1","width":350,"height":200},"classes":[]}],"_links":{"self":[{"href":"https:\/\/karin-rehnqvist.se\/eng\/wp-json\/wp\/v2\/pages\/2509","targetHints":{"allow":["GET"]}}],"collection":[{"href":"https:\/\/karin-rehnqvist.se\/eng\/wp-json\/wp\/v2\/pages"}],"about":[{"href":"https:\/\/karin-rehnqvist.se\/eng\/wp-json\/wp\/v2\/types\/page"}],"author":[{"embeddable":true,"href":"https:\/\/karin-rehnqvist.se\/eng\/wp-json\/wp\/v2\/users\/1"}],"replies":[{"embeddable":true,"href":"https:\/\/karin-rehnqvist.se\/eng\/wp-json\/wp\/v2\/comments?post=2509"}],"version-history":[{"count":11,"href":"https:\/\/karin-rehnqvist.se\/eng\/wp-json\/wp\/v2\/pages\/2509\/revisions"}],"predecessor-version":[{"id":2532,"href":"https:\/\/karin-rehnqvist.se\/eng\/wp-json\/wp\/v2\/pages\/2509\/revisions\/2532"}],"wp:attachment":[{"href":"https:\/\/karin-rehnqvist.se\/eng\/wp-json\/wp\/v2\/media?parent=2509"}],"curies":[{"name":"wp","href":"https:\/\/api.w.org\/{rel}","templated":true}]}}