{"id":1670,"date":"2018-10-13T19:10:29","date_gmt":"2018-10-13T18:10:29","guid":{"rendered":"http:\/\/karin-rehnqvist.se\/eng\/?page_id=1670"},"modified":"2018-11-20T20:41:42","modified_gmt":"2018-11-20T19:41:42","slug":"autumn-2018","status":"publish","type":"page","link":"https:\/\/karin-rehnqvist.se\/eng\/autumn-2018\/","title":{"rendered":"Autumn 2018"},"content":{"rendered":"<p><span style=\"color: #ff6600;\"><strong>10 August, 2018<\/strong><\/span><\/p>\n<p><strong>Day is here!<\/strong> \u2013 for eight voices and strings \u2013 <strong><span style=\"color: #008080;\">Premiere<\/span><\/strong><\/p>\n<p>Musica Vitae, Vokalharmonin, cond. Fredrik Malmberg<br \/>\nV\u00e4stervik Chamber Music Festival<br \/>\n<a href=\"http:\/\/karin-rehnqvist.se\/in-beauty-may-it-rain-on-us-from-day-is-here\/\">Listen \u203a<\/a><\/p>\n<hr>\n<p><span style=\"color: #ff6600;\"><strong>29 September, 2018<\/strong><\/span><\/p>\n<p><strong>Haya!:&nbsp;song to the joy of day<\/strong> for mixed double choir a cappella<\/p>\n<p><em>F\u00f6reningen Svenska Tons\u00e4ttare\/ Swedish Society of Composers, 100 years<\/em><br \/>\nSwedish Radio Choir, cond. Sofi Jeannin<br \/>\nKonserthuset Stockholm, 3 pm<\/p>\n<hr>\n<p><span style=\"color: #ff6600;\"><strong>7\u201315 October, 2018<\/strong><\/span><\/p>\n<p><strong>Day is here!<\/strong> \u2013 for eight voices and strings<\/p>\n<p>Tour to Japan:&nbsp;Saitama, Honjo-city, Honjo Civic Cultural Hall (7\/10),&nbsp;Fukushima, Toho Minna-no- Culture Center (10\/10),&nbsp;Saitama Sakado-city, Cultural Hall (10\/10),&nbsp;Tokyo, Swedish Embassy (11\/10),&nbsp;Tokyo, Chiyoda-ku\u2028, Kioi Hall (12\/10),&nbsp;Saitama, Fujumi-city, Fujumi Civic Cultural Hall (13\/10).<\/p>\n<p>Musica Vitae, Vokalharmonin, cond. Fredrik Malmberg<\/p>\n<hr>\n<p><span style=\"color: #ff6600;\"><strong>13 October, 2018<\/strong><\/span><\/p>\n<p><em>KVAST, Kvinnlig Anhopning av Svenska Tons\u00e4ttare\/ Association of Swedish Female Composers, 10 years<\/em><\/p>\n<p><strong>Beginning<\/strong> \u2013 for piano trio<\/p>\n<p>Ensemble Ars Nova<br \/>\nKonserthuset Stockholm, 1 pm<\/p>\n<hr>\n<p><span style=\"color: #ff6600;\"><strong>20 October, 2018<\/strong><\/span><\/p>\n<p>Var inte r\u00e4dd f\u00f6r m\u00f6rkret\/<strong> Do not fear the Darkness<\/strong><br \/>\nLjusf\u00e4lten\/ <strong>The fields of light<\/strong><\/p>\n<p>Hjorthagens Kammark\u00f6r, cond. Karin Oldgren<br \/>\nStockholms Saxofonkvartett<br \/>\nHjorthagskyrkan, Stockholm, 3 pm<\/p>\n<hr>\n<p><span style=\"color: #ff6600;\"><strong>21 October, 2018<\/strong><\/span><\/p>\n<p>Var inte r\u00e4dd f\u00f6r m\u00f6rkret\/<strong> Do not fear the Darkness<\/strong><br \/>\nLjusf\u00e4lten\/<strong> The fields of light<\/strong><\/p>\n<p>Hjorthagens Kammark\u00f6r, fond. Karin Oldgren<br \/>\nStockholms Saxofonkvartett<br \/>\nMotala kyrka, 6 pm<\/p>\n<hr>\n<p><span style=\"color: #ff6600;\"><strong>23 October 2018<\/strong><\/span><\/p>\n<p><strong>Composer&#8217;s Forum<\/strong><\/p>\n<p>The author Per F Broman and Karin Rehnqvist present the new biography about the composer Karin Rehnqvist, published by The Royal Swedish Academy of Music.<\/p>\n<p>Kungl Musikh\u00f6gskolan\/Royal College of Music, Valhallav\u00e4gen 105, Stockholm, 4.30\u20136.30 pm<\/p>\n<hr>\n<p><span style=\"color: #ff6600;\"><strong><img data-recalc-dims=\"1\" loading=\"lazy\" decoding=\"async\" data-attachment-id=\"1704\" data-permalink=\"https:\/\/karin-rehnqvist.se\/eng\/autumn-2018\/kr_biografi\/\" data-orig-file=\"https:\/\/i0.wp.com\/karin-rehnqvist.se\/eng\/wp-content\/uploads\/2018\/10\/KR_biografi.png?fit=357%2C464&amp;ssl=1\" data-orig-size=\"357,464\" data-comments-opened=\"0\" data-image-meta=\"{&quot;aperture&quot;:&quot;0&quot;,&quot;credit&quot;:&quot;&quot;,&quot;camera&quot;:&quot;&quot;,&quot;caption&quot;:&quot;&quot;,&quot;created_timestamp&quot;:&quot;0&quot;,&quot;copyright&quot;:&quot;&quot;,&quot;focal_length&quot;:&quot;0&quot;,&quot;iso&quot;:&quot;0&quot;,&quot;shutter_speed&quot;:&quot;0&quot;,&quot;title&quot;:&quot;&quot;,&quot;orientation&quot;:&quot;0&quot;}\" data-image-title=\"KR_biografi\" data-image-description=\"\" data-image-caption=\"\" data-large-file=\"https:\/\/i0.wp.com\/karin-rehnqvist.se\/eng\/wp-content\/uploads\/2018\/10\/KR_biografi.png?fit=640%2C640&amp;ssl=1\" class=\"alignright wp-image-1704\" src=\"https:\/\/i0.wp.com\/karin-rehnqvist.se\/eng\/wp-content\/uploads\/2018\/10\/KR_biografi.png?resize=207%2C269\" alt=\"\" width=\"207\" height=\"269\">25 October, 2018<\/strong><\/span><\/p>\n<p><strong>Book release<\/strong> \u2013 a new biography about Karin Rehnqvist by Per F. Broman<\/p>\n<p>Royal Swedish Academy of Music, Stockholm, 4 pm<\/p>\n<p>&nbsp;<\/p>\n<p>&nbsp;<\/p>\n<hr>\n<p><span style=\"color: #ff6600;\"><strong>8 November, 2018<\/strong><\/span><\/p>\n<p><em>Nordic Music Days 2018, Helsinki<\/em><\/p>\n<p><strong>When I Close My Eyes I Dream of Peace<\/strong><\/p>\n<p>Helsinki Chamber Choir, cond. Nils Schweckendiek<br \/>\nAmos Rex (Lasipalatsi square, Bio Rex), Helsinki, 7.30 pm<br \/>\n<a href=\"https:\/\/www.nordicmusicdays.org\/programme\" target=\"_blank\" rel=\"noopener\">More about the festival \u203a<\/a><\/p>\n<hr>\n<div class=\"\"><span style=\"color: #ff6600;\"><strong>10 November, 2018&nbsp;<\/strong><\/span><\/div>\n<div>&nbsp;<\/div>\n<div class=\"\"><strong>The fields of Light\/<\/strong> Ljusf\u00e4lten<br \/>\n<strong>When night confers repose\/<\/strong> &nbsp;<em>N\u00e4r natten sk\u00e4nker frid<\/em><\/div>\n<div>&nbsp;<\/div>\n<div class=\"\">Uppsala Nations Damk\u00f6r Discordia, Simon Arlasj\u00f6, cond.<br \/>\nUppsala Missionskyrka, 3 pm<\/p>\n<hr>\n<p><span style=\"color: #ff6600;\"><strong>10 November, 2018<\/strong><\/span><\/p>\n<\/div>\n<div class=\"\"><strong>The World Clock\/ <\/strong>V\u00e4rldsklockan<\/div>\n<div>&nbsp;<\/div>\n<div class=\"\">Stockholms Motettk\u00f6r KFUM,&nbsp;Philippa Hillerud, cello, Erik Uddunge, cond.<br \/>\nThe Swedish History Museum, Stockholm, 3 pm<\/div>\n<hr>\n<div><span style=\"color: #ff6600;\"><strong>22 November, 2018<\/strong><\/span><\/div>\n<div>&nbsp;<\/div>\n<div><strong>Far away and close<\/strong>\/ L\u00e5ngt borta och n\u00e4ra<\/div>\n<div>&nbsp;<\/div>\n<div>Jack McNeill, clarinet<br \/>\nSOLO, Handel &amp; Hendrix in London,&nbsp;25 Brook Street, Mayfair, London, 6:30pm &amp; 8:30pm<\/p>\n<hr>\n<\/div>\n<div>\n<p><span style=\"color: #ff6600;\"><strong>24 November 2018<\/strong><\/span><\/p>\n<\/div>\n<div><strong>The Riddle<\/strong><\/div>\n<div>&nbsp;<\/div>\n<div>MalvaKvartetten (Linnea H\u00e4llqvist &#8211; violin, Knapp Brita Pettersson &#8211; violin, Maria Jonsson &#8211; viola, Maja Molander &#8211; cello)<\/div>\n<div>\n<p>Allhelgonakyrkan, Stockholm, 6 pm<\/p>\n<hr>\n<\/div>\n<p><span style=\"color: #ff6600;\"><strong>29 November, 2018<\/strong><\/span><\/p>\n<p><em>Swedish Society of Composers, 100 years<\/em><\/p>\n<p><strong>Anrop \u2013 Inrop \u2013 Utrop\/Invocation \u2013 Convocation \u2013 Avocation<\/strong><\/p>\n<p>KammarensembleN<br \/>\nKungasalen, Royal College of Music, Stockholm, 6 pm<\/p>\n<p>&nbsp;<\/p>\n<p>&nbsp;<\/p>\n","protected":false},"excerpt":{"rendered":"<p>10 August, 2018 Day is here! \u2013 for eight voices and strings \u2013 Premiere Musica Vitae, Vokalharmonin, cond. Fredrik Malmberg V\u00e4stervik Chamber Music <\/p>\n","protected":false},"author":1,"featured_media":0,"parent":0,"menu_order":0,"comment_status":"closed","ping_status":"closed","template":"","meta":{"ngg_post_thumbnail":0,"jetpack_post_was_ever_published":false,"footnotes":""},"class_list":["post-1670","page","type-page","status-publish","hentry"],"jetpack_sharing_enabled":true,"jetpack_shortlink":"https:\/\/wp.me\/P79arM-qW","jetpack-related-posts":[{"id":1048,"url":"https:\/\/karin-rehnqvist.se\/eng\/highlights\/","url_meta":{"origin":1670,"position":0},"title":"Highlights","author":"admin2","date":"January 27, 2016","format":false,"excerpt":"Performances 2024 The Dream\u00a0\u2013\u00a0World premiere Unni L\u00f8vlid, alt, Marianne Baudouin Lie, cello Krematoriet, Stockholm Jag blir s\u00e5 arg\/ It Makes Me Mad \u2013 World premiere The Choir Kvinten from Nacka Music School, Magnus Sk\u00f6ld, piano Sara Pucek, conductor Royal College of Music, Stockholm Min dr\u00f6ms\u00e5ng\/My Dreamsong - World premiere Choir\u2026","rel":"","context":"Similar post","block_context":{"text":"Similar post","link":""},"img":{"alt_text":"","src":"https:\/\/i0.wp.com\/karin-rehnqvist.se\/eng\/wp-content\/uploads\/2016\/01\/higlights2.jpg?fit=1020%2C412&ssl=1&resize=350%2C200","width":350,"height":200,"srcset":"https:\/\/i0.wp.com\/karin-rehnqvist.se\/eng\/wp-content\/uploads\/2016\/01\/higlights2.jpg?fit=1020%2C412&ssl=1&resize=350%2C200 1x, https:\/\/i0.wp.com\/karin-rehnqvist.se\/eng\/wp-content\/uploads\/2016\/01\/higlights2.jpg?fit=1020%2C412&ssl=1&resize=525%2C300 1.5x, https:\/\/i0.wp.com\/karin-rehnqvist.se\/eng\/wp-content\/uploads\/2016\/01\/higlights2.jpg?fit=1020%2C412&ssl=1&resize=700%2C400 2x"},"classes":[]},{"id":1545,"url":"https:\/\/karin-rehnqvist.se\/eng\/spring-2018\/","url_meta":{"origin":1670,"position":1},"title":"Spring 2018","author":"admin2","date":"February 3, 2018","format":false,"excerpt":"19 January 2018 Arktis Arktis! Nordic Chamber Orchestra,\u00a0Emil Eliasson, cond. Tonhallen Sundsvall, 7:00 pm 31 January 2018 N\u00e4r korpen vitnar\/ When the Raven blanches Sols\u00e5ngen\/ Sun Song Berit Norbakken Solset, soprano,\u00a0Norwegian Arctic Philharmonic Orchestra,\u00a0Tim Weiss, cond. Troms\u00f8 domkirke, Troms\u00f8, 7:30 pm Mer info \u203a 2 February 2018 When I close\u2026","rel":"","context":"Similar post","block_context":{"text":"Similar post","link":""},"img":{"alt_text":"","src":"https:\/\/i0.wp.com\/karin-rehnqvist.se\/eng\/wp-content\/uploads\/2018\/02\/bakgrund_mag-gr%C3%B6nnoter-InOrbit_1700.jpg?fit=1200%2C756&ssl=1&resize=350%2C200","width":350,"height":200,"srcset":"https:\/\/i0.wp.com\/karin-rehnqvist.se\/eng\/wp-content\/uploads\/2018\/02\/bakgrund_mag-gr%C3%B6nnoter-InOrbit_1700.jpg?fit=1200%2C756&ssl=1&resize=350%2C200 1x, https:\/\/i0.wp.com\/karin-rehnqvist.se\/eng\/wp-content\/uploads\/2018\/02\/bakgrund_mag-gr%C3%B6nnoter-InOrbit_1700.jpg?fit=1200%2C756&ssl=1&resize=525%2C300 1.5x, https:\/\/i0.wp.com\/karin-rehnqvist.se\/eng\/wp-content\/uploads\/2018\/02\/bakgrund_mag-gr%C3%B6nnoter-InOrbit_1700.jpg?fit=1200%2C756&ssl=1&resize=700%2C400 2x, https:\/\/i0.wp.com\/karin-rehnqvist.se\/eng\/wp-content\/uploads\/2018\/02\/bakgrund_mag-gr%C3%B6nnoter-InOrbit_1700.jpg?fit=1200%2C756&ssl=1&resize=1050%2C600 3x"},"classes":[]},{"id":2806,"url":"https:\/\/karin-rehnqvist.se\/eng\/autumn-2023\/","url_meta":{"origin":1670,"position":2},"title":"Autumn 2023","author":"admin2","date":"November 17, 2023","format":false,"excerpt":"10 September 2023The RiddleMalva Quartet Ny Musik I S\u00f6rmland, Dr\u00f6mfabriken, Stallarholmen, Sweden, 4 pm 13 September 2023Course\/seminar for young composers: Landesakademie Ochsenhausen, Germany, September 9\u201314.Universe \u2013 premiere 1\u00a0Orpheus Vokalensemble. Cond. MIchael AlberOchsenhausen, Baden-W\u00fcrttemberg 28 September 2023S\u00e5 g\u00e5r en dag ur Sols\u00e5ngen\/ Sun Song,\u00a0Ljusf\u00e4lten\/ Fields of lightG\u00f6teborg Wind Orchestra, Lena Willemark.\u2026","rel":"","context":"Similar post","block_context":{"text":"Similar post","link":""},"img":{"alt_text":"","src":"https:\/\/i0.wp.com\/karin-rehnqvist.se\/eng\/wp-content\/uploads\/2023\/11\/host_soluppgang.jpg?fit=1200%2C634&ssl=1&resize=350%2C200","width":350,"height":200,"srcset":"https:\/\/i0.wp.com\/karin-rehnqvist.se\/eng\/wp-content\/uploads\/2023\/11\/host_soluppgang.jpg?fit=1200%2C634&ssl=1&resize=350%2C200 1x, https:\/\/i0.wp.com\/karin-rehnqvist.se\/eng\/wp-content\/uploads\/2023\/11\/host_soluppgang.jpg?fit=1200%2C634&ssl=1&resize=525%2C300 1.5x, https:\/\/i0.wp.com\/karin-rehnqvist.se\/eng\/wp-content\/uploads\/2023\/11\/host_soluppgang.jpg?fit=1200%2C634&ssl=1&resize=700%2C400 2x, https:\/\/i0.wp.com\/karin-rehnqvist.se\/eng\/wp-content\/uploads\/2023\/11\/host_soluppgang.jpg?fit=1200%2C634&ssl=1&resize=1050%2C600 3x"},"classes":[]},{"id":1354,"url":"https:\/\/karin-rehnqvist.se\/eng\/spring-2017\/","url_meta":{"origin":1670,"position":3},"title":"Spring 2017","author":"admin2","date":"December 8, 2016","format":false,"excerpt":"21 January\u00a02017 Nio n\u00e4tter\/ Nine nights\u00a0\u2013\u00a0Premiere Text: Ger\u2202ur Kristn\u00fd Lena Willemark, ensemble recherche Festival Ultraschall, Berlin More on the festival's web page \u203a 26 January\u00a02017 Inauguration of the the new campus of Royal College of Music, Stockholm H\u00e4r \u00e4r musiken!\/ Here's the music! \u00a0\u2013 a\u00a0happening from\u00a0the\u00a0foyer to the\u00a0concert hall\u00a0\u2013 Premiere\u2026","rel":"","context":"Similar post","block_context":{"text":"Similar post","link":""},"img":{"alt_text":"","src":"https:\/\/i0.wp.com\/karin-rehnqvist.se\/eng\/wp-content\/uploads\/2016\/12\/noterpappersbakgr1.jpg?fit=1200%2C617&ssl=1&resize=350%2C200","width":350,"height":200,"srcset":"https:\/\/i0.wp.com\/karin-rehnqvist.se\/eng\/wp-content\/uploads\/2016\/12\/noterpappersbakgr1.jpg?fit=1200%2C617&ssl=1&resize=350%2C200 1x, https:\/\/i0.wp.com\/karin-rehnqvist.se\/eng\/wp-content\/uploads\/2016\/12\/noterpappersbakgr1.jpg?fit=1200%2C617&ssl=1&resize=525%2C300 1.5x, https:\/\/i0.wp.com\/karin-rehnqvist.se\/eng\/wp-content\/uploads\/2016\/12\/noterpappersbakgr1.jpg?fit=1200%2C617&ssl=1&resize=700%2C400 2x, https:\/\/i0.wp.com\/karin-rehnqvist.se\/eng\/wp-content\/uploads\/2016\/12\/noterpappersbakgr1.jpg?fit=1200%2C617&ssl=1&resize=1050%2C600 3x"},"classes":[]},{"id":1474,"url":"https:\/\/karin-rehnqvist.se\/eng\/autumn-2017\/","url_meta":{"origin":1670,"position":4},"title":"Autumn 2017","author":"admin2","date":"September 16, 2017","format":false,"excerpt":"2 September 2017 The Riddle Kronos Quartet Drama Centre Theatre, Singapore, 9:00 PM Presenter:\u00a0Singapore International Festival of Arts 10 September 2017 S\u00e5 g\u00e5r en dag\/Thus goes a day, for solo voice Runa Hestad Jenssen, soprano 11 September 2017 Sleep now Trio Ek\/ Janson\/ Svensdotter \u2013 Helena Ek. song, Peter Janson,\u2026","rel":"","context":"Similar post","block_context":{"text":"Similar post","link":""},"img":{"alt_text":"","src":"https:\/\/i0.wp.com\/karin-rehnqvist.se\/eng\/wp-content\/uploads\/2017\/09\/KR_bakgrund_orangenoter3.jpg?fit=1200%2C562&ssl=1&resize=350%2C200","width":350,"height":200,"srcset":"https:\/\/i0.wp.com\/karin-rehnqvist.se\/eng\/wp-content\/uploads\/2017\/09\/KR_bakgrund_orangenoter3.jpg?fit=1200%2C562&ssl=1&resize=350%2C200 1x, https:\/\/i0.wp.com\/karin-rehnqvist.se\/eng\/wp-content\/uploads\/2017\/09\/KR_bakgrund_orangenoter3.jpg?fit=1200%2C562&ssl=1&resize=525%2C300 1.5x, https:\/\/i0.wp.com\/karin-rehnqvist.se\/eng\/wp-content\/uploads\/2017\/09\/KR_bakgrund_orangenoter3.jpg?fit=1200%2C562&ssl=1&resize=700%2C400 2x, https:\/\/i0.wp.com\/karin-rehnqvist.se\/eng\/wp-content\/uploads\/2017\/09\/KR_bakgrund_orangenoter3.jpg?fit=1200%2C562&ssl=1&resize=1050%2C600 3x"},"classes":[]},{"id":1847,"url":"https:\/\/karin-rehnqvist.se\/eng\/spring-2019\/","url_meta":{"origin":1670,"position":5},"title":"Spring 2019","author":"admin2","date":"May 9, 2019","format":false,"excerpt":"18 February 2019 Davids Nimm \u2013 as a balletDans \u2013 as a ballet New Chamber Ballet, \u00a0Ekmeles Vocal EnsembleCity Center Studio 5, 130 West 56th Street, New York, 7.30 p 19 February 2019 Davids Nimm \u2013 as a balletDans \u2013 as a ballet New Chamber Ballet, \u00a0Ekmeles Vocal EnsembleCity Center\u2026","rel":"","context":"Similar post","block_context":{"text":"Similar post","link":""},"img":{"alt_text":"","src":"https:\/\/i0.wp.com\/karin-rehnqvist.se\/eng\/wp-content\/uploads\/2019\/06\/Blodhov_webb2_700x700px_Blodhov_webb_700x700px.png?resize=350%2C200&ssl=1","width":350,"height":200,"srcset":"https:\/\/i0.wp.com\/karin-rehnqvist.se\/eng\/wp-content\/uploads\/2019\/06\/Blodhov_webb2_700x700px_Blodhov_webb_700x700px.png?resize=350%2C200&ssl=1 1x, https:\/\/i0.wp.com\/karin-rehnqvist.se\/eng\/wp-content\/uploads\/2019\/06\/Blodhov_webb2_700x700px_Blodhov_webb_700x700px.png?resize=525%2C300&ssl=1 1.5x, https:\/\/i0.wp.com\/karin-rehnqvist.se\/eng\/wp-content\/uploads\/2019\/06\/Blodhov_webb2_700x700px_Blodhov_webb_700x700px.png?resize=700%2C400&ssl=1 2x"},"classes":[]}],"_links":{"self":[{"href":"https:\/\/karin-rehnqvist.se\/eng\/wp-json\/wp\/v2\/pages\/1670","targetHints":{"allow":["GET"]}}],"collection":[{"href":"https:\/\/karin-rehnqvist.se\/eng\/wp-json\/wp\/v2\/pages"}],"about":[{"href":"https:\/\/karin-rehnqvist.se\/eng\/wp-json\/wp\/v2\/types\/page"}],"author":[{"embeddable":true,"href":"https:\/\/karin-rehnqvist.se\/eng\/wp-json\/wp\/v2\/users\/1"}],"replies":[{"embeddable":true,"href":"https:\/\/karin-rehnqvist.se\/eng\/wp-json\/wp\/v2\/comments?post=1670"}],"version-history":[{"count":16,"href":"https:\/\/karin-rehnqvist.se\/eng\/wp-json\/wp\/v2\/pages\/1670\/revisions"}],"predecessor-version":[{"id":1771,"href":"https:\/\/karin-rehnqvist.se\/eng\/wp-json\/wp\/v2\/pages\/1670\/revisions\/1771"}],"wp:attachment":[{"href":"https:\/\/karin-rehnqvist.se\/eng\/wp-json\/wp\/v2\/media?parent=1670"}],"curies":[{"name":"wp","href":"https:\/\/api.w.org\/{rel}","templated":true}]}}