{"id":1474,"date":"2017-09-16T17:25:14","date_gmt":"2017-09-16T16:25:14","guid":{"rendered":"http:\/\/karin-rehnqvist.se\/eng\/?page_id=1474"},"modified":"2017-09-21T10:53:28","modified_gmt":"2017-09-21T09:53:28","slug":"autumn-2017","status":"publish","type":"page","link":"https:\/\/karin-rehnqvist.se\/eng\/autumn-2017\/","title":{"rendered":"Autumn 2017"},"content":{"rendered":"<p><span style=\"color: #ff6600;\"><strong>2 September 2017<\/strong><\/span><\/p>\n<p>The Riddle<\/p>\n<p>Kronos Quartet<br \/>\nDrama Centre Theatre, Singapore, 9:00 PM<br \/>\nPresenter:&nbsp;Singapore International Festival of Arts<\/p>\n<hr>\n<p><span style=\"color: #ff6600;\"><strong>10 September 2017<\/strong><\/span><\/p>\n<p>S\u00e5 g\u00e5r en dag\/Thus goes a day, for solo voice<\/p>\n<p>Runa Hestad Jenssen, soprano<\/p>\n<hr>\n<p><span style=\"color: #ff6600;\"><strong>11 September 2017<\/strong><\/span><\/p>\n<p>Sleep now<\/p>\n<p>Trio Ek\/ Janson\/ Svensdotter \u2013 Helena Ek. song, Peter Janson, double bass, Anna Svensdotter, flute<br \/>\nMagle Konserthus, Lund, 7:00 PM<\/p>\n<hr>\n<figure id=\"attachment_1483\" aria-describedby=\"caption-attachment-1483\" style=\"width: 286px\" class=\"wp-caption alignright\"><img data-recalc-dims=\"1\" loading=\"lazy\" decoding=\"async\" data-attachment-id=\"1483\" data-permalink=\"https:\/\/karin-rehnqvist.se\/eng\/autumn-2017\/alpacaensemble_in-orbit\/\" data-orig-file=\"https:\/\/i0.wp.com\/karin-rehnqvist.se\/eng\/wp-content\/uploads\/2017\/09\/AlpacaEnsemble_In-Orbit.jpg?fit=850%2C799&amp;ssl=1\" data-orig-size=\"850,799\" data-comments-opened=\"0\" data-image-meta=\"{&quot;aperture&quot;:&quot;0&quot;,&quot;credit&quot;:&quot;&quot;,&quot;camera&quot;:&quot;&quot;,&quot;caption&quot;:&quot;&quot;,&quot;created_timestamp&quot;:&quot;0&quot;,&quot;copyright&quot;:&quot;&quot;,&quot;focal_length&quot;:&quot;0&quot;,&quot;iso&quot;:&quot;0&quot;,&quot;shutter_speed&quot;:&quot;0&quot;,&quot;title&quot;:&quot;&quot;,&quot;orientation&quot;:&quot;1&quot;}\" data-image-title=\"AlpacaEnsemble_In Orbit\" data-image-description=\"\" data-image-caption=\"&lt;p&gt;Alpaca Ensemble performing In Orbit&lt;\/p&gt;\n\" data-large-file=\"https:\/\/i0.wp.com\/karin-rehnqvist.se\/eng\/wp-content\/uploads\/2017\/09\/AlpacaEnsemble_In-Orbit.jpg?fit=640%2C640&amp;ssl=1\" class=\" wp-image-1483\" src=\"https:\/\/i0.wp.com\/karin-rehnqvist.se\/eng\/wp-content\/uploads\/2017\/09\/AlpacaEnsemble_In-Orbit-400x400.jpg?resize=286%2C286\" alt=\"\" width=\"286\" height=\"286\" srcset=\"https:\/\/i0.wp.com\/karin-rehnqvist.se\/eng\/wp-content\/uploads\/2017\/09\/AlpacaEnsemble_In-Orbit.jpg?resize=400%2C400&amp;ssl=1 400w, https:\/\/i0.wp.com\/karin-rehnqvist.se\/eng\/wp-content\/uploads\/2017\/09\/AlpacaEnsemble_In-Orbit.jpg?resize=150%2C150&amp;ssl=1 150w, https:\/\/i0.wp.com\/karin-rehnqvist.se\/eng\/wp-content\/uploads\/2017\/09\/AlpacaEnsemble_In-Orbit.jpg?resize=1024%2C1024&amp;ssl=1 1024w, https:\/\/i0.wp.com\/karin-rehnqvist.se\/eng\/wp-content\/uploads\/2017\/09\/AlpacaEnsemble_In-Orbit.jpg?resize=70%2C70&amp;ssl=1 70w, https:\/\/i0.wp.com\/karin-rehnqvist.se\/eng\/wp-content\/uploads\/2017\/09\/AlpacaEnsemble_In-Orbit.jpg?zoom=2&amp;resize=286%2C286&amp;ssl=1 572w\" sizes=\"auto, (max-width: 286px) 100vw, 286px\" \/><figcaption id=\"caption-attachment-1483\" class=\"wp-caption-text\">Alpaca Ensemble performing In Orbit<\/figcaption><\/figure>\n<p><span style=\"color: #ff6600;\"><strong>12 September 2017<\/strong><\/span><\/p>\n<p><em>\u201dRen Rehnqvist\u201d:<\/em><br \/>\nL\u00e5ngt borta och n\u00e4ra\/Far away and close (version for solo clarinet)<br \/>\nThe Beginning<em><br \/>\n<\/em>In Orbit<\/p>\n<p>Alpaca Ensemble (Else B\u00f8 \u2013 piano,&nbsp;Sigrid Elisabeth Stang \u2013 violin,&nbsp;Marianne Baudouin \u2013 cello), Rolf Borch, clarinet<br \/>\nKoncertKirken, Bl\u00e5g\u00e5rds Plads, Copenhagen, 7:30 PM<\/p>\n<hr>\n<p><span style=\"color: #ff6600;\"><strong>13 September 2017<\/strong><\/span><\/p>\n<p><em>Ultima, Oslo contemporary music festival:<\/em><br \/>\nL\u00e5ngt borta och n\u00e4ra\/Far away and close (version for solo clarinet)<br \/>\nThe Beginning<em><br \/>\n<\/em>In Orbit<\/p>\n<p>Alpaca Ensemble (Else B\u00f8 \u2013 piano,&nbsp;Sigrid Elisabeth Stang \u2013 violin,&nbsp;Marianne Baudouin \u2013 cello), Rolf Borch, clarinet<br \/>\nSentralen\/Forstanderskapssalen, Oslo, 12 AM<\/p>\n<p><a href=\"http:\/\/www.ultima.no\/events\/alpaca-ensemble\" target=\"_blank\" rel=\"noopener\">More info<\/a> \u203a&nbsp;<\/p>\n<hr>\n<p><span style=\"color: #ff6600;\"><strong>24 September 2017<\/strong><\/span><\/p>\n<p>S\u00e5 g\u00e5r en dag\/Thus goes a day, for solo voice<\/p>\n<p>200 year jubilee concert for Vinne church, Verdal, Norway<br \/>\nRuna Hestad Jenssen, soprano<\/p>\n<hr>\n<p><span style=\"color: #ff6600;\"><strong>26 October 2017<\/strong><\/span><\/p>\n<p>Allt Those Strings! \u2013 <span style=\"color: #3366ff;\"><strong>Premiere<\/strong><\/span><br \/>\nversion for harp and string quartet<\/p>\n<p>Mercedes Gomez, harp, Cuarteto de Cuerdas White<br \/>\nColegio Nacional, Donceles 104, Centro Hist\u00f3rico, CDMX, Mexico City, 7:00 PM<\/p>\n<hr>\n<p><span style=\"color: #ff6600;\"><strong>7 November 2017<\/strong><\/span><\/p>\n<p><em>Klingande akademi;<\/em>&nbsp;About composing for children and young persons<br \/>\nThe Riddle performed by a string quartet from Edsberg\/Royal College of Music, Stockholm<\/p>\n<p>Aulinsalen, Stockholms Konserthus, 6:00 PM<br \/>\nmoderator Anna Hedelius<br \/>\nPresenter: The Royal Swedish Academy of Music<\/p>\n<hr>\n<p>2018<\/p>\n<p><span style=\"color: #ff6600;\"><strong>19 January 2018<\/strong><\/span><\/p>\n<p>Arktis Arktis!<\/p>\n<p>Nordiska Kammarorkestern\/Nordic Chamber Orchestra,&nbsp;Emil Eliasson, cond.<br \/>\nTonhallen Sundsvall, 7:00 PM<\/p>\n<p>&nbsp;<\/p>\n","protected":false},"excerpt":{"rendered":"<p>2 September 2017 The Riddle Kronos Quartet Drama Centre Theatre, Singapore, 9:00 PM Presenter:&nbsp;Singapore International Festival of Arts 10 September 2017 S\u00e5 g\u00e5r <\/p>\n","protected":false},"author":1,"featured_media":1475,"parent":0,"menu_order":0,"comment_status":"closed","ping_status":"closed","template":"page-parallax.php","meta":{"ngg_post_thumbnail":0,"jetpack_post_was_ever_published":false,"footnotes":""},"class_list":["post-1474","page","type-page","status-publish","has-post-thumbnail","hentry"],"jetpack_sharing_enabled":true,"jetpack_shortlink":"https:\/\/wp.me\/P79arM-nM","jetpack-related-posts":[{"id":2806,"url":"https:\/\/karin-rehnqvist.se\/eng\/autumn-2023\/","url_meta":{"origin":1474,"position":0},"title":"Autumn 2023","author":"admin2","date":"November 17, 2023","format":false,"excerpt":"10 September 2023The RiddleMalva Quartet Ny Musik I S\u00f6rmland, Dr\u00f6mfabriken, Stallarholmen, Sweden, 4 pm 13 September 2023Course\/seminar for young composers: Landesakademie Ochsenhausen, Germany, September 9\u201314.Universe \u2013 premiere 1\u00a0Orpheus Vokalensemble. Cond. MIchael AlberOchsenhausen, Baden-W\u00fcrttemberg 28 September 2023S\u00e5 g\u00e5r en dag ur Sols\u00e5ngen\/ Sun Song,\u00a0Ljusf\u00e4lten\/ Fields of lightG\u00f6teborg Wind Orchestra, Lena Willemark.\u2026","rel":"","context":"Similar post","block_context":{"text":"Similar post","link":""},"img":{"alt_text":"","src":"https:\/\/i0.wp.com\/karin-rehnqvist.se\/eng\/wp-content\/uploads\/2023\/11\/host_soluppgang.jpg?fit=1200%2C634&ssl=1&resize=350%2C200","width":350,"height":200,"srcset":"https:\/\/i0.wp.com\/karin-rehnqvist.se\/eng\/wp-content\/uploads\/2023\/11\/host_soluppgang.jpg?fit=1200%2C634&ssl=1&resize=350%2C200 1x, https:\/\/i0.wp.com\/karin-rehnqvist.se\/eng\/wp-content\/uploads\/2023\/11\/host_soluppgang.jpg?fit=1200%2C634&ssl=1&resize=525%2C300 1.5x, https:\/\/i0.wp.com\/karin-rehnqvist.se\/eng\/wp-content\/uploads\/2023\/11\/host_soluppgang.jpg?fit=1200%2C634&ssl=1&resize=700%2C400 2x, https:\/\/i0.wp.com\/karin-rehnqvist.se\/eng\/wp-content\/uploads\/2023\/11\/host_soluppgang.jpg?fit=1200%2C634&ssl=1&resize=1050%2C600 3x"},"classes":[]},{"id":2154,"url":"https:\/\/karin-rehnqvist.se\/eng\/autumn-2021\/","url_meta":{"origin":1474,"position":1},"title":"Autumn 2021","author":"admin2","date":"September 5, 2021","format":false,"excerpt":"24 September 2021\u00a0 As long as the moon shall rise\u00a0| PREMIERE Kvindelige Studenters Sangforening, OsloConductor:\u00a0Marit T\u00f8ndel Bodsberg WeydeAnniversary Concert 70 yearsUniversitetsaulan, Oslo, 7 pm More info\u00a0\u203a 24-26 September 2021 Chor.com Hannover\u00a0 24\/9\u00a0 14:30 \u2013 16:00:\u00a0 Workshop: Neue Chormusik von Karin Rehnqvist\/ New choir music by Karin Rehnqvist Eric Ericson Chamber\u2026","rel":"","context":"Similar post","block_context":{"text":"Similar post","link":""},"img":{"alt_text":"","src":"https:\/\/i0.wp.com\/karin-rehnqvist.se\/wp-content\/uploads\/musik-i-natten_del-300x275.jpg?resize=350%2C200&ssl=1","width":350,"height":200},"classes":[]},{"id":1670,"url":"https:\/\/karin-rehnqvist.se\/eng\/autumn-2018\/","url_meta":{"origin":1474,"position":2},"title":"Autumn 2018","author":"admin2","date":"October 13, 2018","format":false,"excerpt":"10 August, 2018 Day is here! \u2013 for eight voices and strings \u2013 Premiere Musica Vitae, Vokalharmonin, cond. Fredrik Malmberg V\u00e4stervik Chamber Music Festival Listen \u203a 29 September, 2018 Haya!:\u00a0song to the joy of day for mixed double choir a cappella F\u00f6reningen Svenska Tons\u00e4ttare\/ Swedish Society of Composers, 100 years\u2026","rel":"","context":"Similar post","block_context":{"text":"Similar post","link":""},"img":{"alt_text":"","src":"https:\/\/i0.wp.com\/karin-rehnqvist.se\/eng\/wp-content\/uploads\/2018\/10\/KR_biografi.png?resize=350%2C200","width":350,"height":200},"classes":[]},{"id":1905,"url":"https:\/\/karin-rehnqvist.se\/eng\/autumn-2019\/","url_meta":{"origin":1474,"position":3},"title":"Autumn 2019","author":"admin2","date":"September 13, 2019","format":false,"excerpt":"1 September 2019 Opening konsert for \u00d8stfold Kammerfest, Gressvik, Fredrikstad, NorwayTimpanum songs \u2013 Herding calls\/Puks\u00e5nger \u2013 lockrop Berit Norbakken Solset, Ulrika Bod\u00e9n, voices, Rune Halvorsen, timpanumBibliotekets aula, Fredrikstad, 7 pm 4 October 2019 The Riddle\/ G\u00e5tan, for string quartet MalvaKvartetten (Linnea H\u00e4llqvist - violin, Knapp Brita Pettersson - violin, Maria\u2026","rel":"","context":"Similar post","block_context":{"text":"Similar post","link":""},"img":{"alt_text":"","src":"","width":0,"height":0},"classes":[]},{"id":1354,"url":"https:\/\/karin-rehnqvist.se\/eng\/spring-2017\/","url_meta":{"origin":1474,"position":4},"title":"Spring 2017","author":"admin2","date":"December 8, 2016","format":false,"excerpt":"21 January\u00a02017 Nio n\u00e4tter\/ Nine nights\u00a0\u2013\u00a0Premiere Text: Ger\u2202ur Kristn\u00fd Lena Willemark, ensemble recherche Festival Ultraschall, Berlin More on the festival's web page \u203a 26 January\u00a02017 Inauguration of the the new campus of Royal College of Music, Stockholm H\u00e4r \u00e4r musiken!\/ Here's the music! \u00a0\u2013 a\u00a0happening from\u00a0the\u00a0foyer to the\u00a0concert hall\u00a0\u2013 Premiere\u2026","rel":"","context":"Similar post","block_context":{"text":"Similar post","link":""},"img":{"alt_text":"","src":"https:\/\/i0.wp.com\/karin-rehnqvist.se\/eng\/wp-content\/uploads\/2016\/12\/noterpappersbakgr1.jpg?fit=1200%2C617&ssl=1&resize=350%2C200","width":350,"height":200,"srcset":"https:\/\/i0.wp.com\/karin-rehnqvist.se\/eng\/wp-content\/uploads\/2016\/12\/noterpappersbakgr1.jpg?fit=1200%2C617&ssl=1&resize=350%2C200 1x, https:\/\/i0.wp.com\/karin-rehnqvist.se\/eng\/wp-content\/uploads\/2016\/12\/noterpappersbakgr1.jpg?fit=1200%2C617&ssl=1&resize=525%2C300 1.5x, https:\/\/i0.wp.com\/karin-rehnqvist.se\/eng\/wp-content\/uploads\/2016\/12\/noterpappersbakgr1.jpg?fit=1200%2C617&ssl=1&resize=700%2C400 2x, https:\/\/i0.wp.com\/karin-rehnqvist.se\/eng\/wp-content\/uploads\/2016\/12\/noterpappersbakgr1.jpg?fit=1200%2C617&ssl=1&resize=1050%2C600 3x"},"classes":[]},{"id":966,"url":"https:\/\/karin-rehnqvist.se\/eng\/cd\/","url_meta":{"origin":1474,"position":5},"title":"CD","author":"admin2","date":"January 23, 2016","format":false,"excerpt":"Buy Rehnqvist-music: eClassical > iTunes > LIVE! Karin Rehnqvist, Composer GRAMMIS Award 2014 \u00a0| \u00a0Sterling Modern CD3002-2 Light of Light\u00a0\u00bb Adolf Fredriks Flickk\u00f6r, Sveriges Radios Symfoniorkester Quem chama. Vem ropar?\u00a0\u00bb Marie Axelsson, Johanna B\u00f6lja Hertzberg, Remix Ensemble Salve Regina \u2013 himlarnas drottning\u00a0\u00bb Nederlands Kamerkoor, Nieuw Ensemble Musik till den sovande\u00a0\u00bb\u2026","rel":"","context":"Similar post","block_context":{"text":"Similar post","link":""},"img":{"alt_text":"Rehnqvist_Live_booklet_omsl","src":"https:\/\/i0.wp.com\/karin-rehnqvist.se\/eng\/wp-content\/uploads\/2016\/01\/Rehnqvist_Live_booklet_omsl-150x150.jpg?resize=350%2C200","width":350,"height":200},"classes":[]}],"_links":{"self":[{"href":"https:\/\/karin-rehnqvist.se\/eng\/wp-json\/wp\/v2\/pages\/1474","targetHints":{"allow":["GET"]}}],"collection":[{"href":"https:\/\/karin-rehnqvist.se\/eng\/wp-json\/wp\/v2\/pages"}],"about":[{"href":"https:\/\/karin-rehnqvist.se\/eng\/wp-json\/wp\/v2\/types\/page"}],"author":[{"embeddable":true,"href":"https:\/\/karin-rehnqvist.se\/eng\/wp-json\/wp\/v2\/users\/1"}],"replies":[{"embeddable":true,"href":"https:\/\/karin-rehnqvist.se\/eng\/wp-json\/wp\/v2\/comments?post=1474"}],"version-history":[{"count":11,"href":"https:\/\/karin-rehnqvist.se\/eng\/wp-json\/wp\/v2\/pages\/1474\/revisions"}],"predecessor-version":[{"id":1490,"href":"https:\/\/karin-rehnqvist.se\/eng\/wp-json\/wp\/v2\/pages\/1474\/revisions\/1490"}],"wp:featuredmedia":[{"embeddable":true,"href":"https:\/\/karin-rehnqvist.se\/eng\/wp-json\/wp\/v2\/media\/1475"}],"wp:attachment":[{"href":"https:\/\/karin-rehnqvist.se\/eng\/wp-json\/wp\/v2\/media?parent=1474"}],"curies":[{"name":"wp","href":"https:\/\/api.w.org\/{rel}","templated":true}]}}