{"id":1048,"date":"2016-01-27T22:23:36","date_gmt":"2016-01-27T21:23:36","guid":{"rendered":"http:\/\/karin-rehnqvist.se\/eng\/?page_id=1048"},"modified":"2025-01-29T19:40:55","modified_gmt":"2025-01-29T18:40:55","slug":"highlights","status":"publish","type":"page","link":"https:\/\/karin-rehnqvist.se\/eng\/highlights\/","title":{"rendered":"Highlights"},"content":{"rendered":"<p><strong><br \/>\nPerformances<\/strong><\/p>\n<div>\n<p><span style=\"color: #000000;\"><strong>2024<\/strong><\/span><\/p>\n<p>The Dream&nbsp;\u2013&nbsp;World premiere<br \/>\nUnni L\u00f8vlid, alt, Marianne Baudouin Lie, cello<br \/>\nKrematoriet, Stockholm<\/p>\n<p>Jag blir s\u00e5 arg\/ It Makes Me Mad \u2013 World premiere<br \/>\nThe Choir Kvinten from Nacka Music School, Magnus Sk\u00f6ld, piano<br \/>\nSara Pucek, conductor<br \/>\nRoyal College of Music, Stockholm<\/p>\n<p>Min dr\u00f6ms\u00e5ng\/My Dreamsong &#8211; World premiere<br \/>\nChoir from Lilla Akademin, Klara Sko\u0308ld solo, Siri Sjo\u0308berg Ahlenius clarinet, Axel Gryspeert piano, Lotta Gullberg conductor<br \/>\nGustav Vasa Church, Stockholm<\/p>\n<p>To the Angel with the Fiery Hands<br \/>\nRundfunkchor Berlin, Gijs Leenaards, dirigent<br \/>\nHeimathafen Neuk\u00f6lln, Berlin<\/p>\n<p>Psalm ur natten\/Hymn from Night&nbsp;\u2013 version for cello<br \/>\nChristian Berg<br \/>\nThe Haga Church, Gothemburg<\/p>\n<p><span style=\"color: #000000;\"><strong>2023<\/strong><\/span><\/p>\n<p>Jag vet, jag duger\/ I Know, I\u2019m Able \u2013 World premiere<br \/>\nChoir from Adolf Fredriks Musikklasser, J\u00f6rgen Petterson, saxophone, Tom Rudberg, piano<br \/>\nKarin Alv\u00e1n, conductor<\/p>\n<p>\u2026&nbsp;and so the day ends&nbsp;\u2013&nbsp;World premiere<br \/>\nStockholm Saxophone Quartet<br \/>\nDuvbo Church, Stockholm<\/p>\n<p>I Thought the Sea Would Sing to Me \u2013 World premiere<br \/>\nNathan Sherman, viola, Dublin<\/p>\n<p>Var inte r\u00e4dd f\u00f6r m\u00f6rkret\/Do not Fear the Darkness &#8211; version for violin<br \/>\nCecilia Zilliacus<\/p>\n<p><span style=\"color: #000000;\"><strong>2022<\/strong><\/span><\/p>\n<p>Silent Earth \u2013 World premiere<br \/>\nThe Netherland Radio Choir and Philharmonic Orchestra, Gijs Leenaars, conductor<br \/>\nNTR ZaterdagMatinee, Concertgebouw, Amsterdam<\/p>\n<p>Silent Earth \u2013 Swedish premiere<br \/>\nThe Swedish Radio Choir and Symphony Orchestra, Dima Slobodeniouk, conductor<br \/>\nBaltic Sea Festival, Berwalhallen, Stockholm<\/p>\n<p>The Nordic Council Music Prize 2022 for Silent Earth<\/p>\n<p>The Magazine Vi:s Taube Award<\/p>\n<p>S\u00e5nger mellan ljus och m\u00f6rker\/Songs between light and darkness \u2013 World premiere<br \/>\nBerit Norbakken, ARcTic Sustain Ensemble, Bj\u00f8rk-Guinevere Kinsella Eide, conductor<br \/>\nTroms\u00f8 Cathedral<br \/>\n&nbsp;&nbsp;<br \/>\nTiden ropar p\u00e5 dig\/Time is Calling to You \u2013 World premiere<br \/>\nGustav Sj\u00f6kvist\u00b4s Chamber Choir, Mattias Rodrick, cello, Anna Christenson, piano,<br \/>\nFlorian Benfer, conductor<br \/>\nSvensk Musikv\u00e5r, Musikaliska, Stockholm<br \/>\n&nbsp;<br \/>\nH\u00e4r f\u00e5r du inte sitta!\/ Not allowed! \u2013 World premiere<br \/>\nChoir from Adolf Fredriks musikklasser, J\u00f6rgen Petterson, Theo Hillborg, saxophone,<br \/>\nMagnus Sk\u00f6ld, piano Lina Sandborgh, conductor<br \/>\nFolkoperan, Stockholm<\/p>\n<p>Wiegenlieder im All \u2013 World premiere<br \/>\nNeuer Kammerchor Berlin, Adrian Emans, conductor<br \/>\nMatth\u00e4uskirche Berlin.<\/p>\n<p>Tjuv och tjuv \u2013 VAD\u00c5 JAG??? &#8211; World premiere<br \/>\nThe Swedish Radio Choir, Maria Goundorina, conductor<\/p>\n<p>Day is here!&nbsp;\u2013 World premiere<\/p>\n<p>The Norwegian Soloist Choir, Ensemble Allegria, Grete Pedersen, conductor,<\/p>\n<p>Hamar, Fredrikstad, Oslo<\/p>\n<p>Strandad\/Drifted, opera in two acts &#8211; World premiere<br \/>\nVivanne Holmberg, Lena Willemark, Carl Ackerfeldt, Katarina Leoson<br \/>\nCathrine Winnes, conductor<br \/>\nChoir and Orchestra from the Royal Swedish Opera, Stockholm<\/p>\n<p><span style=\"color: #000000;\"><strong>2021 The Covid-19 pandemic \u2013 no concerts<\/strong><\/span><\/p>\n<p>Musik i natten\/Night Chant &#8211; World premiere<br \/>\nNorrbotten Neo, Stockholm Concert House<\/p>\n<p><strong>2020<\/strong><\/p>\n<p>Blodhov&nbsp;\/&nbsp;Bloodhoof,&nbsp;Royal College of Music, Stockholm<br \/>\nLectures and concert<\/p>\n<p>Sji olw\u00e5tt, version for solo voice, percussion and mixed choir <span class=\"Apple-converted-space\">&nbsp;<br \/>\n<\/span>Eric Ericson Chamber Choir, 75th anniversary. Conductor Fredrik Malmberg.&nbsp;Stockholm Concert Hall<\/p>\n<p>Le Chant 1 and 2 \u2013 <i>Premiere<\/i><br \/>\nDet Norske Solistkor\/The Norwegian Soloist Choir. Conductor Grete Pedersen<br \/>\n<span class=\"Apple-converted-space\">The Norwegian Soloist Choir 70th anniversary<br \/>\n<\/span>Ris Church, Norway<\/p>\n<p><strong>2019<\/strong><\/p>\n<p>Blodhov&nbsp;\/&nbsp;Bloodhoof, mono-drama&nbsp; \u2013&nbsp;<i>Premiere<\/i><br \/>\nPoint Music Festival, Gothenburg<br \/>\nLena Willemark, ensemble recherche, Svante Grogarn, regi<\/p>\n<p>The J\u00e4rn\u00e5ker Award \u2013 for Blodhov&nbsp;\/&nbsp;Bloodhoof<\/p>\n<p class=\"f-ms\"><strong>2018<\/strong><\/p>\n<p>N\u00e4r korpen vitnar\/ When the Raven blanches, Sols\u00e5ngen\/ Sun Song \u2013&nbsp;Troms\u00f6, Bod\u00f6 and Svalbard, Norway<br \/>\nBerit Norbakken Solset, soprano,&nbsp;Nordnorsk symfoniorkester, Tim Weiss, conductor<\/p>\n<p><a name=\"_GoBack\"><\/a>Songs from the North, f\u00f6r mixed choir \u2013&nbsp;<span lang=\"en-GB\">Premiere&nbsp;<br \/>\nSacred and Profane Choir, Rebecca Seeman, dirigent<br \/>\n<\/span><span lang=\"en-GB\">St Mark\u2019s Episcopal, Berkely, St Mark\u2019s Lutheran, San Francisco<\/span><\/p>\n<p>Day is here! \u2013 for eight solo voices and string ensemble \u2013 <em>Premiere<\/em><br \/>\nMusica Vitae, Vokalharmonin, Fredrik Malmberg, conductor<\/p>\n<p>Day is here! \u2013 tour to Japan<\/p>\n<p>The biography about Karin Rehnqvist by Per F Broman&nbsp; \u2013 book release<\/p>\n<p>Jag lyfter mina h\u00e4nder\/ I raise my hands, for mixed choir (to the memory of the choir conductor Bo Johansson) \u2013 <em>Premiere<\/em>&nbsp;<br \/>\nMaria Magdalena Chamber Choir, Mats Nilsson, conductor<\/p>\n<\/div>\n<div>&nbsp;<\/div>\n<div id=\"navrad\" class=\"f-ms\"><strong>2017<\/strong><strong><br \/>\n<\/strong><\/div>\n<div>&nbsp;<\/div>\n<div class=\"f-ms\">H\u00e4r \u00e4r musiken! \/Here&#8217;s the music! for soloists, choirs and orchestra \u2013 at the inauguration of the new campus at Royal College of Music, Stockholm<\/div>\n<div>&nbsp;<\/div>\n<div class=\"f-ms\">Nio n\u00e4tter\/ Nine nights \u2013 Lena Willemark and ensemble recherche, Festival Ultraschall, Berlin<\/div>\n<div>&nbsp;<\/div>\n<div class=\"f-ms\">Rehnqvist festival at The University of Troms\u00f8, Norway<\/div>\n<div>&nbsp;<\/div>\n<div class=\"f-ms\">Composer profile at the festival for new music, Svensk Musikv\u00e5r, Stockholm<\/div>\n<div>&nbsp;<\/div>\n<div class=\"f-ms\">The Riddle, world premiere \u2013 Kronos Quartet, for the project Fifty for the Future<\/div>\n<div class=\"f-ms\">\n<p>&nbsp;<\/p>\n<p><strong>2016<\/strong><\/p>\n<p>All Those Strings! \u2013 Ritva Koistinen, Kronos Quartet; San Fransisco, Carnegie Hall New York<\/p>\n<p>In Orbit \u2013 Alpaca Ensemble; Stangvik<\/p>\n<p>The festival Ren Rehnqvist, portrait concert with Alpaca Ensemble; Trondheim, Berlin, Stockholm, K\u00f6penhamn, Oslo&nbsp;<\/p>\n<p>&nbsp;<\/p>\n<\/div>\n<div class=\"f-ms\">\n<div class=\"\"><strong>2015<\/strong><\/div>\n<div class=\"\">&nbsp;<\/div>\n<div class=\"\">Honorate doctorate at The &nbsp;Birmingham City University + concerts<\/div>\n<div>&nbsp;<\/div>\n<div class=\"\">Sleep now \u2013 a lullaby drama. Vara, Gothenburg, Bor\u00e5s<\/div>\n<div>&nbsp;<\/div>\n<div class=\"\">When I close my eyes, I dream of peace. Malm\u00f6, San Francisco, Oslo<\/div>\n<\/div>\n<p>&nbsp;<\/p>\n<p><strong><span class=\"style410\">2013<\/span><\/strong><span class=\"style3\"><strong><span class=\"style134\">&nbsp; <\/span><\/strong><\/span><\/p>\n<p>The World Clock, Alings\u00e5s and Gothenburg, Sweden, Oslo, Norway, Swedish Chamber Choir, Simon Phipps, cond<\/p>\n<p>Belle Sounds \u2013 A Very Large Concert (for 200 church bells on the island Gotland), broadcast by Swedish Radio<\/p>\n<p>&nbsp;<\/p>\n<p class=\"f-fp\"><span class=\"style410\"><strong>2014<\/strong><br \/>\n<\/span><\/p>\n<p class=\"f-fp\">Klockrent \u2013 En Mycket Stor Konsert. Prix Italia 2014. F\u00f6rsta pris i klassen Radio Music.<\/p>\n<p class=\"f-fp\">All Those Strings! \u2013 Stockholm. Uruppf\u00f6rande. Kronoskvartetten och Ritva Koistinen, kantele<\/p>\n<p class=\"f-fp\"><span class=\"style410\"><span class=\"style158\">Grammis f\u00f6r cd LIVE; Karin Rehnqvist, composer \u2013&nbsp;2013 \u00e5rs b\u00e4sta klassiska album<\/span><\/span><\/p>\n<p><span class=\"style394\">Portr\u00e4ttkonsert London: i&nbsp;<span class=\"style220\">Philharmonia Orchestras serie Music of Today<\/span><\/span><\/p>\n<p>&nbsp;<\/p>\n<p class=\"style419\"><span class=\"style410\"><strong>2012<\/strong>&nbsp;<\/span><\/p>\n<p class=\"style419\"><span class=\"style210\">Composer Portrait Concert, Miller Theatre, New York, Either\/Or Ensemble, Richard Carrick, cond.<\/span><\/p>\n<p>&nbsp;<\/p>\n<p class=\"style319\"><span class=\"style410\"><strong>2011<\/strong>&nbsp;<\/span><\/p>\n<p class=\"style319\"><span class=\"style210\">Tiger Touch, Gothenburg Symphony Orchestra, Gustavo Dudamel, cond., Gothenburg, Oslo, Reykjavik<\/span><\/p>\n<p>Portrait Concert, Vox Musica, Daniel Paulson. Sacramento, USA<\/p>\n<p class=\"style319\"><span class=\"style210\">Portrait Concert. Troms\u00f6 kunstf\u00f6rening, Norway<\/span><\/p>\n<p>&nbsp;<\/p>\n<p class=\"style36\"><strong><span class=\"style134\">2010<\/span><\/strong>&nbsp;<\/p>\n<p class=\"style36\">Tenebrae for mixed chorus. Latvian Radio Choir, Kaspars&nbsp;Putni\u0146\u0161,&nbsp;<span class=\"style185\">cond<\/span>. Ultima Oslo Contemporary Festival<span class=\"style210\"><span class=\"style134\">&nbsp;<\/span><\/span><\/p>\n<p class=\"style36\"><span class=\"style210\">Hymn for mixed chorus, orchestra and high soprano. Gustaf Sj\u00f6kvist&#8217;s Chamber Choir, Stockholm Cathedral Choir, Royal Philharmonic Orchestra, Jeanette K\u00f6hn, Gustaf Sj\u00f6kvist, cond. The Royal Wedding in Stockholm Cathedral 19 June, Stockholm<\/span><\/p>\n<p>&nbsp;<\/p>\n<p class=\"style244\"><strong><span class=\"style134\">2009<\/span><\/strong>&nbsp;<\/p>\n<p class=\"style244\">Haya! for mixed choir, Eric Ericson Award, Swedish Radio Choir. Berwaldhallen, Stockholm<\/p>\n<p class=\"style36\">Sols\u00e5ngen\/The Sun Song, Lena Willemark, l\u2019Orchestra Sinfonica del Teatro La Fenice, Joana Carneiro,&nbsp;<span class=\"style185\">cond<\/span>. The Venice Biennale<\/p>\n<p class=\"style36\"><span class=\"style185\">Composer In Focus, B\u00e5stad Chambermusic Festival<\/span><\/p>\n<p class=\"style244\">N\u00e4r korpen vitnar (Where the raven pales) Ulrika Bod\u00e9n, BIT20 Ensemble, Norway\u2019s Museum of Cultural History. Happy Nordic Music Days, Oslo<\/p>\n<p>&nbsp;<\/p>\n<p><strong><span class=\"style134\">2008<\/span><\/strong>&nbsp;<\/p>\n<p>Triomphe d\u2019exister, Coro Infantil do CPO, Orquestra Nacional do Porto, Martin Andr\u00e9<\/p>\n<p>Casa da Musica, Porto<\/p>\n<p>Quem chama? (Who\u2019s that calling?) Marie Axelsson, Johanna B\u00f6lja Hertzberg, Remix Ensemble, Franck Ollu. Casa da Musica, Porto<\/p>\n<p>Requiem aeternam. Helena Ek, Maria Keohane, SCO Choir, Scottish Chamber Orchestra, Olari Elts. Glasgow City Hall<\/p>\n<p>Der Herr ist mein Hirte. Adolf Fredriks Girls Choir, Bo Johansson, 8th World Symposium on Choral Music, Copenhagen<\/p>\n<p>Embrace me. London Sinfonietta, Synergy Vocals, Pierre-Andr\u00e9 Valade. Queen Elizabeth Hall, London<\/p>\n<p>N\u00e4r korpen vitnar (Where the raven pales), Ulrika Bod\u00e9n, Nordic Chamber Ensemble, Sundsvall, H\u00e4rn\u00f6sand. Light, direction Svante Grogarn, Ulrika Bod\u00e9n, OrchestrUtopica, Ces\u00e1rio Costa. Festival in Extremis, Lisbon<\/p>\n<p>&nbsp;<\/p>\n<p><strong><span class=\"style3\">2007<\/span><\/strong>&nbsp;<\/p>\n<p>Salve Regina \u2013 Heavenly Queen, Nederlands Kamerkoor, Nieuw Ensemble, Ed Spanjaard. Muziekgebouw, Amsterdam<\/p>\n<p>&nbsp;<\/p>\n<p><strong><span class=\"style3\">2006<\/span><\/strong>&nbsp;<\/p>\n<p>Rehnqvist Festival at the Stockholm Concert Hall 20-23 April. Among other things the premiere of Preludes for Large Orchestra<\/p>\n<p>&nbsp;<\/p>\n<p><strong><span class=\"style3\">2005<\/span><\/strong>&nbsp;<\/p>\n<p>To the Angel with the Fiery Hands \u2013 staged concert for female chorus, soprano and four instruments. La Cappella, Susanne Rosenberg, Sarah Lindloff, Backa Katarina Eriksson, Leo Svensson, Mats Olofsson. Karin Eklundh cond, Svante Grogarn director. V\u00e4ster\u00e5s<\/p>\n<p>&nbsp;<\/p>\n<p><strong><span class=\"style3\">2004<\/span><\/strong>&nbsp;<\/p>\n<p>When the Earth Sings &#8211; fairy tale for actress, orchestra and audience was performed more than 60 times by orchestras all over Sweden and Scotland during the 2004-2005 season.<\/p>\n<p>Teile dich Nacht, Lena Willemark, Danish Radio Choir, Ed Spanjaard, Nordic Music Days Copenhagen<\/p>\n<p>Ljus av Ljus (Light of Light) Adolf Fredrik&#8217;s Girls Choir, Orchestre National de France, cond. Jonathan Darlington, Festival Pr\u00e9sences, Paris<\/p>\n<p>&nbsp;<\/p>\n<p><strong><span class=\"style3\">2003<\/span><\/strong>&nbsp;<\/p>\n<p>Davids nimm, London sinfonietta, Queen Elisabeth Hall, London.<\/p>\n<p>Ice Music Phantasy, music for instruments of ice, Ice Hotel Jukkasj\u00e4rvi.<\/p>\n<p>Beginning, Kungsbacka Piano Trio, City of London Festival.<\/p>\n<p>Sun Song, Festival Klangspuren, Austria<\/p>\n<p>&nbsp;<\/p>\n<p><strong><span class=\"style3\">2002-2003<\/span><\/strong>&nbsp;<\/p>\n<p>On a distant shore, Martin Fr\u00f6st, the Scottish Chamber Orch, cond. Swensen, the Swedish Chamber Orch, cond. Sundkvist, Edinburgh, Glasgow, \u00d6rebro<\/p>\n<p><strong><span class=\"style3\">2002<\/span><\/strong>&nbsp;<\/p>\n<p>Teile dich Nacht, Lena Willemark, SWR Vokalensemble, Donaueschinger Musiktage<\/p>\n<p>&nbsp;<\/p>\n<p><strong><span class=\"style3\">2001<\/span><\/strong>&nbsp;<\/p>\n<p>Main composer at Time and Music festival, Viitasaari, Finland<\/p>\n<p>Sols\u00e5ngen, Amsterdam, Lena Willemark, Asko Ensemble, cond. B Tommy Andersson.<\/p>\n<p>Time of Taromir, BBC Orch. Glasgow<\/p>\n<p>The Angel with the Fiery Hands, Southwest Missouri University, USA<\/p>\n<p>&nbsp;<\/p>\n<p><strong><span class=\"style3\">2000<\/span><\/strong>&nbsp;<\/p>\n<p>Lamento, Warszaw autumn, Silesian Philharmnic Orch Katowice.<\/p>\n<p>Lamento, Nordic Music Days, Lahti, Helsingfors Stadsorkester.<\/p>\n<p>Lod (Plummet), Festival Foro, Mexico City<\/p>\n<p>&nbsp;<\/p>\n<p><strong><span class=\"style3\">2000-2002<\/span><\/strong>&nbsp;<\/p>\n<p>Arktis Arktis! Scottish Chamber Orchestra, Swedish Chamber Orchestra, Gothenburgh Symphony Orchestra, Norrk\u00f6ping Symphony Orch., Winnipeg Symphony Orchestra, Helsingborg Symphony Orchestra, Radio Symphony Orchestra, Stockholm<\/p>\n<p>&nbsp;<\/p>\n<p><strong><span class=\"style3\">1999<\/span><\/strong>&nbsp;<\/p>\n<p>Portrait concert Deutschlandfunk, K\u00f6ln, arr Frau Musica (nova)<\/p>\n<p>S\u00f6tskolan (Beauty School) &#8211; a horror opera for children, premi\u00e8red in V\u00e4xj\u00f6, on tour in the south of Sweden.<\/p>\n<p>Kast, Neiuw Sinfonietta Amsterdam, cond. Peter Rundel.<\/p>\n<p>Spent one month with a polar expedition on the icebreaker Louis S. Saint-Laurent in the Canadian High Arctic<\/p>\n<p>&nbsp;<\/p>\n<p><strong><span class=\"style3\">1998<\/span><\/strong>&nbsp;<\/p>\n<p>Sun Song, Ultima Oslo,<\/p>\n<p>Davids nimm, Wings, I raise my hands, Warszaw autumn,<\/p>\n<p>Davids nimm, Neue Vokalsolisten Stuttgart, Frau Musica (nova), Festival K\u00f6ln,<\/p>\n<p>Time of Taromir, Osterbothia Chamber Orcehstra, Wien Modern<\/p>\n<p>&nbsp;<\/p>\n<p><strong><span class=\"style3\">1997<\/span><\/strong>&nbsp;<\/p>\n<p>Sols\u00e5ngen, ISCM Seoul, Anrop &#8211; Inrop &#8211; Utrop (Invocation &#8211; Convocation &#8211; Avocation),&nbsp;<span class=\"style3\">1997&nbsp;<\/span>Taromirs tid (Time of Taromir), Huddersfield Contemporary Music Festival.<\/p>\n<p>Vishetens lov (The Praise of Wisdom), Swedish Radio Choir, Stockholm<\/p>\n<p>&nbsp;<\/p>\n<p><strong><span class=\"style3\">1996<\/span><\/strong>&nbsp;<\/p>\n<p>Sols\u00e5ngen (Sun Song) Reykjavik, Island, Nordic Music Days, Lena Willemark, Iceland Symphony Orchestra, cond. Anne Manson<\/p>\n<p>Teacher of composition classes for young people at the Gothenburg Concert House, with Gothenburg Symphony Orchestra playing their compositions (method described in &#8220;Unga m\u00e4nniskor, ny musik&#8221; Rikskonserter)*<\/p>\n<p>&nbsp;<\/p>\n<p><strong><span class=\"style3\">1994<\/span><\/strong>&nbsp;<\/p>\n<p>Lamento, Royal Philharmonic Orchestra, Stockholm, cond. Okko Kamu,<\/p>\n<p>Puks\u00e5nger &#8211; lockrop, R\u00e4dda mig ur dyn, ISCM Stockholm,<\/p>\n<p>Portrait concert, Festival Alternativa, Moskva<\/p>\n<p>&nbsp;<\/p>\n<p><strong><span class=\"style3\">1992<\/span><\/strong>&nbsp;<\/p>\n<p>Hetluft (Limelight), a multimedia performance with sculptor Lenny Clarh\u00e4ll<\/p>\n<p>&nbsp;<\/p>\n<p><strong><span class=\"style3\">1991<\/span><\/strong>&nbsp;<\/p>\n<p>Skrin, ISCM Warszaw<\/p>\n<p>&nbsp;<\/p>\n<p><strong><span class=\"style3\">1990<\/span><\/strong>&nbsp;<\/p>\n<p>Skrin (Shouts) &#8211; violin concerto (together with Sven Ahlb\u00e4ck) Nils-Erik Sparf, Swedish Radio Symphony Orch, conducted by Leif Segerstam,<\/p>\n<p>Puks\u00e5nger \u2013 lockrop, Davids nimm, Den Haag Netherlands<\/p>\n<p>&nbsp;<\/p>\n<p><strong><span class=\"style3\">1989<\/span><\/strong>&nbsp;<\/p>\n<p>Kast, Nordic Music Days Stockholm<\/p>\n<p>Puks\u00e5nger \u2013 lockrop (Timpanum Songs \u2013 Herding Calls) premi\u00e8red at the Falun Folk Music Festival, Lena Willemark, Susanne Rosenberg, sopranos, Helena Gabrielsson, percussion<\/p>\n<p>Tilt&amp;mara, dramatized concert for choir and percussion, Stans k\u00f6r, cond. Karin Rehnqvist, choreographer Lisbeth Hagerman<\/p>\n<p>&nbsp;<\/p>\n<p><strong><span class=\"style3\">1987<\/span><\/strong>&nbsp;<\/p>\n<p>Kast (Sudden changes), International Gaudeamus Music week, Alicante International Contemporary Festival<\/p>\n<p>&nbsp;<\/p>\n<p><strong><span class=\"style3\">1985<\/span><\/strong>&nbsp;<\/p>\n<p>Davids nimm, Rostrum<\/p>\n<p>&#8230;<\/p>\n<p>2000 &#8211; 2004 Composer in residence with the Scottish and the Swedish Chamber Orchestras in collaboration<\/p>\n<p>*1996 &#8211; 2001 Compositions classes for young people held in Gothenburg, Uppsala, Stockholm, \u00c5land<\/p>\n<p>Member of the Royal Swedish Academy of Music since 1997<\/p>\n<p class=\"f-lp\">Medal &#8220;Litteris et Artibus&#8221;, received from the Swedish King, in January 2003<\/p>\n<hr>\n<p class=\"f-lp\"><strong>Prizes<\/strong><\/p>\n<div id=\"element3\" class=\"brodtxt\">\n<p>The Golden Broom \/KVAST,&nbsp;The Swedish Association of Women Composers) \u2013 2021<\/p>\n<p><span class=\"s10\">The Swedish Music Publishers <\/span><span class=\"s10\">Honorary<\/span><span class=\"s10\"> Award \u2013 2017<\/span><\/p>\n<p>Bo Wallner Memorial Award \u2013 2015<\/p>\n<p>The Gannevik Award \u2013 2015<\/p>\n<p>The Hugo Alfv\u00e9n Award \u2013 2007<\/p>\n<p>The Rosenberg Award \u2013 2005<\/p>\n<p>Kurt Atterberg Prize \u2013 2001<\/p>\n<p>City of Stockholm Honour Prize \u2013 1999<\/p>\n<p>Christ Johnsson Prize \u2013 1997<\/p>\n<p>The daily newspaper Expressen&#8217;s Spelmannen Prize \u2013 1996<\/p>\n<p>The L\u00e4kerol Arts Award \u2013 1996<\/p>\n<\/div>\n<hr>\n<p class=\"MellanrubrikGron\" lang=\"sv\"><strong>Nominations<\/strong><\/p>\n<p>Grammis 1996 for the CD Davids nimm<\/p>\n<p>Nordic Music Council Prize 1998, Sols\u00e5ngen (Sun Song)<\/p>\n<p>Finalist Prix Italia 2002, A Passion Play \u2013 As four sports<\/p>\n<p>Nordic Music Council Prize 2002, Sols\u00e5ngen<\/p>\n<hr>\n<p class=\"MellanrubrikGron\" lang=\"sv\"><strong>Competitions<\/strong><\/p>\n<p>Kast (Sudden changes), honourable mention at The International New Music Composers Competition, New York, 1987<\/p>\n<p class=\"f-lp\">Kast, honourable mention at The Gaudeamus International Music Week, Amsterdam, 1987<\/p>\n","protected":false},"excerpt":{"rendered":"<p>Performances 2024 The Dream&nbsp;\u2013&nbsp;World premiere Unni L\u00f8vlid, alt, Marianne Baudouin Lie, cello Krematoriet, Stockholm Jag blir s\u00e5 arg\/ It Makes Me Mad \u2013 <\/p>\n","protected":false},"author":1,"featured_media":1492,"parent":0,"menu_order":0,"comment_status":"closed","ping_status":"closed","template":"","meta":{"ngg_post_thumbnail":0,"jetpack_post_was_ever_published":false,"footnotes":""},"class_list":["post-1048","page","type-page","status-publish","has-post-thumbnail","hentry"],"jetpack_sharing_enabled":true,"jetpack_shortlink":"https:\/\/wp.me\/P79arM-gU","jetpack-related-posts":[{"id":1354,"url":"https:\/\/karin-rehnqvist.se\/eng\/spring-2017\/","url_meta":{"origin":1048,"position":0},"title":"Spring 2017","author":"admin2","date":"December 8, 2016","format":false,"excerpt":"21 January\u00a02017 Nio n\u00e4tter\/ Nine nights\u00a0\u2013\u00a0Premiere Text: Ger\u2202ur Kristn\u00fd Lena Willemark, ensemble recherche Festival Ultraschall, Berlin More on the festival's web page \u203a 26 January\u00a02017 Inauguration of the the new campus of Royal College of Music, Stockholm H\u00e4r \u00e4r musiken!\/ Here's the music! \u00a0\u2013 a\u00a0happening from\u00a0the\u00a0foyer to the\u00a0concert hall\u00a0\u2013 Premiere\u2026","rel":"","context":"Similar post","block_context":{"text":"Similar post","link":""},"img":{"alt_text":"","src":"https:\/\/i0.wp.com\/karin-rehnqvist.se\/eng\/wp-content\/uploads\/2016\/12\/noterpappersbakgr1.jpg?fit=1200%2C617&ssl=1&resize=350%2C200","width":350,"height":200,"srcset":"https:\/\/i0.wp.com\/karin-rehnqvist.se\/eng\/wp-content\/uploads\/2016\/12\/noterpappersbakgr1.jpg?fit=1200%2C617&ssl=1&resize=350%2C200 1x, https:\/\/i0.wp.com\/karin-rehnqvist.se\/eng\/wp-content\/uploads\/2016\/12\/noterpappersbakgr1.jpg?fit=1200%2C617&ssl=1&resize=525%2C300 1.5x, https:\/\/i0.wp.com\/karin-rehnqvist.se\/eng\/wp-content\/uploads\/2016\/12\/noterpappersbakgr1.jpg?fit=1200%2C617&ssl=1&resize=700%2C400 2x, https:\/\/i0.wp.com\/karin-rehnqvist.se\/eng\/wp-content\/uploads\/2016\/12\/noterpappersbakgr1.jpg?fit=1200%2C617&ssl=1&resize=1050%2C600 3x"},"classes":[]},{"id":2509,"url":"https:\/\/karin-rehnqvist.se\/eng\/spring-2022\/","url_meta":{"origin":1048,"position":1},"title":"Spring 2022","author":"admin2","date":"October 22, 2022","format":false,"excerpt":"7 May 2022 Wiegenlieder im All (Vaggvisor i v\u00e4rldsrymden) | PREMIERE Neuer Kammerchor BerlinAdrian\u00a0Emans, conductor St. Matth\u00e4us-Kirche, Berlin 7 May 2022 H\u00e4r f\u00e5r du inte sitta! | PREMIERE Adolf Fredriks Musikklasser\/Adolf Fredrik's Music Classes, class 5E + 5FLina Sandborgh, conductorFolkoperan, Stockholm, 2 pm 27 March 2022 Time is Calling to\u2026","rel":"","context":"Similar post","block_context":{"text":"Similar post","link":""},"img":{"alt_text":"","src":"","width":0,"height":0},"classes":[]},{"id":1670,"url":"https:\/\/karin-rehnqvist.se\/eng\/autumn-2018\/","url_meta":{"origin":1048,"position":2},"title":"Autumn 2018","author":"admin2","date":"October 13, 2018","format":false,"excerpt":"10 August, 2018 Day is here! \u2013 for eight voices and strings \u2013 Premiere Musica Vitae, Vokalharmonin, cond. Fredrik Malmberg V\u00e4stervik Chamber Music Festival Listen \u203a 29 September, 2018 Haya!:\u00a0song to the joy of day for mixed double choir a cappella F\u00f6reningen Svenska Tons\u00e4ttare\/ Swedish Society of Composers, 100 years\u2026","rel":"","context":"Similar post","block_context":{"text":"Similar post","link":""},"img":{"alt_text":"","src":"https:\/\/i0.wp.com\/karin-rehnqvist.se\/eng\/wp-content\/uploads\/2018\/10\/KR_biografi.png?resize=350%2C200","width":350,"height":200},"classes":[]},{"id":1545,"url":"https:\/\/karin-rehnqvist.se\/eng\/spring-2018\/","url_meta":{"origin":1048,"position":3},"title":"Spring 2018","author":"admin2","date":"February 3, 2018","format":false,"excerpt":"19 January 2018 Arktis Arktis! Nordic Chamber Orchestra,\u00a0Emil Eliasson, cond. Tonhallen Sundsvall, 7:00 pm 31 January 2018 N\u00e4r korpen vitnar\/ When the Raven blanches Sols\u00e5ngen\/ Sun Song Berit Norbakken Solset, soprano,\u00a0Norwegian Arctic Philharmonic Orchestra,\u00a0Tim Weiss, cond. Troms\u00f8 domkirke, Troms\u00f8, 7:30 pm Mer info \u203a 2 February 2018 When I close\u2026","rel":"","context":"Similar post","block_context":{"text":"Similar post","link":""},"img":{"alt_text":"","src":"https:\/\/i0.wp.com\/karin-rehnqvist.se\/eng\/wp-content\/uploads\/2018\/02\/bakgrund_mag-gr%C3%B6nnoter-InOrbit_1700.jpg?fit=1200%2C756&ssl=1&resize=350%2C200","width":350,"height":200,"srcset":"https:\/\/i0.wp.com\/karin-rehnqvist.se\/eng\/wp-content\/uploads\/2018\/02\/bakgrund_mag-gr%C3%B6nnoter-InOrbit_1700.jpg?fit=1200%2C756&ssl=1&resize=350%2C200 1x, https:\/\/i0.wp.com\/karin-rehnqvist.se\/eng\/wp-content\/uploads\/2018\/02\/bakgrund_mag-gr%C3%B6nnoter-InOrbit_1700.jpg?fit=1200%2C756&ssl=1&resize=525%2C300 1.5x, https:\/\/i0.wp.com\/karin-rehnqvist.se\/eng\/wp-content\/uploads\/2018\/02\/bakgrund_mag-gr%C3%B6nnoter-InOrbit_1700.jpg?fit=1200%2C756&ssl=1&resize=700%2C400 2x, https:\/\/i0.wp.com\/karin-rehnqvist.se\/eng\/wp-content\/uploads\/2018\/02\/bakgrund_mag-gr%C3%B6nnoter-InOrbit_1700.jpg?fit=1200%2C756&ssl=1&resize=1050%2C600 3x"},"classes":[]},{"id":2625,"url":"https:\/\/karin-rehnqvist.se\/eng\/spring-2023\/","url_meta":{"origin":1048,"position":4},"title":"Spring 2023","author":"admin2","date":"April 4, 2023","format":false,"excerpt":"2 March 2023 Breaking the Ice\u00a0(from Arktis Arktis!)Norrlandsoperan Symphony Orchestra\u00a0, Ville Matvejeff, condNorrlandsoperan, Ume\u00e5, 7 pm 7 March 2023 Breaking the Ice\u00a0(from Arctis Arktis!)Norrlandsoperan Symphony Orchestra\u00a0, Ville Matvejeff, condSara Kulturhus, Skellefte\u00e5 8 March 2023 Breaking the Ice\u00a0(from Arktis Arktis!)Norrlandsoperan Symphony Orchestra\u00a0, Ville Matvejeff, condKulturens Hus, Lule\u00e5 12 March 2023 Breaking\u2026","rel":"","context":"Similar post","block_context":{"text":"Similar post","link":""},"img":{"alt_text":"","src":"https:\/\/i0.wp.com\/karin-rehnqvist.se\/eng\/wp-content\/uploads\/2018\/02\/cropped-bakgrund_mag-gronnoter-InOrbit_1700.jpg?fit=1200%2C675&ssl=1&resize=350%2C200","width":350,"height":200,"srcset":"https:\/\/i0.wp.com\/karin-rehnqvist.se\/eng\/wp-content\/uploads\/2018\/02\/cropped-bakgrund_mag-gronnoter-InOrbit_1700.jpg?fit=1200%2C675&ssl=1&resize=350%2C200 1x, https:\/\/i0.wp.com\/karin-rehnqvist.se\/eng\/wp-content\/uploads\/2018\/02\/cropped-bakgrund_mag-gronnoter-InOrbit_1700.jpg?fit=1200%2C675&ssl=1&resize=525%2C300 1.5x, https:\/\/i0.wp.com\/karin-rehnqvist.se\/eng\/wp-content\/uploads\/2018\/02\/cropped-bakgrund_mag-gronnoter-InOrbit_1700.jpg?fit=1200%2C675&ssl=1&resize=700%2C400 2x, https:\/\/i0.wp.com\/karin-rehnqvist.se\/eng\/wp-content\/uploads\/2018\/02\/cropped-bakgrund_mag-gronnoter-InOrbit_1700.jpg?fit=1200%2C675&ssl=1&resize=1050%2C600 3x"},"classes":[]},{"id":1847,"url":"https:\/\/karin-rehnqvist.se\/eng\/spring-2019\/","url_meta":{"origin":1048,"position":5},"title":"Spring 2019","author":"admin2","date":"May 9, 2019","format":false,"excerpt":"18 February 2019 Davids Nimm \u2013 as a balletDans \u2013 as a ballet New Chamber Ballet, \u00a0Ekmeles Vocal EnsembleCity Center Studio 5, 130 West 56th Street, New York, 7.30 p 19 February 2019 Davids Nimm \u2013 as a balletDans \u2013 as a ballet New Chamber Ballet, \u00a0Ekmeles Vocal EnsembleCity Center\u2026","rel":"","context":"Similar post","block_context":{"text":"Similar post","link":""},"img":{"alt_text":"","src":"https:\/\/i0.wp.com\/karin-rehnqvist.se\/eng\/wp-content\/uploads\/2019\/06\/Blodhov_webb2_700x700px_Blodhov_webb_700x700px.png?resize=350%2C200&ssl=1","width":350,"height":200,"srcset":"https:\/\/i0.wp.com\/karin-rehnqvist.se\/eng\/wp-content\/uploads\/2019\/06\/Blodhov_webb2_700x700px_Blodhov_webb_700x700px.png?resize=350%2C200&ssl=1 1x, https:\/\/i0.wp.com\/karin-rehnqvist.se\/eng\/wp-content\/uploads\/2019\/06\/Blodhov_webb2_700x700px_Blodhov_webb_700x700px.png?resize=525%2C300&ssl=1 1.5x, https:\/\/i0.wp.com\/karin-rehnqvist.se\/eng\/wp-content\/uploads\/2019\/06\/Blodhov_webb2_700x700px_Blodhov_webb_700x700px.png?resize=700%2C400&ssl=1 2x"},"classes":[]}],"_links":{"self":[{"href":"https:\/\/karin-rehnqvist.se\/eng\/wp-json\/wp\/v2\/pages\/1048","targetHints":{"allow":["GET"]}}],"collection":[{"href":"https:\/\/karin-rehnqvist.se\/eng\/wp-json\/wp\/v2\/pages"}],"about":[{"href":"https:\/\/karin-rehnqvist.se\/eng\/wp-json\/wp\/v2\/types\/page"}],"author":[{"embeddable":true,"href":"https:\/\/karin-rehnqvist.se\/eng\/wp-json\/wp\/v2\/users\/1"}],"replies":[{"embeddable":true,"href":"https:\/\/karin-rehnqvist.se\/eng\/wp-json\/wp\/v2\/comments?post=1048"}],"version-history":[{"count":16,"href":"https:\/\/karin-rehnqvist.se\/eng\/wp-json\/wp\/v2\/pages\/1048\/revisions"}],"predecessor-version":[{"id":3649,"href":"https:\/\/karin-rehnqvist.se\/eng\/wp-json\/wp\/v2\/pages\/1048\/revisions\/3649"}],"wp:featuredmedia":[{"embeddable":true,"href":"https:\/\/karin-rehnqvist.se\/eng\/wp-json\/wp\/v2\/media\/1492"}],"wp:attachment":[{"href":"https:\/\/karin-rehnqvist.se\/eng\/wp-json\/wp\/v2\/media?parent=1048"}],"curies":[{"name":"wp","href":"https:\/\/api.w.org\/{rel}","templated":true}]}}